{"id":959,"date":"2021-03-05T09:17:47","date_gmt":"2021-03-05T09:17:47","guid":{"rendered":"http:\/\/www.stegelokalforum.dk\/?page_id=959"},"modified":"2024-02-26T17:57:05","modified_gmt":"2024-02-26T17:57:05","slug":"generalforsamling","status":"publish","type":"page","link":"https:\/\/www.stegelokalforum.dk\/index.php\/stege-lokalforum\/generalforsamlinger\/generalforsamling\/","title":{"rendered":"2024.02.22 Generalforsamling referat og beretning"},"content":{"rendered":"<div><\/div>\n<div style=\"text-align: left;\"><strong>Generalforsamling i \u201dStege Lokalforum\u201d, torsdag d. 22. februar 2024 kl. 19-21<\/strong><\/div>\n<div style=\"text-align: left;\">Afholdt p\u00e5 Det gamle <span style=\"font-family: 'Source Sans Pro', sans-serif; font-size: 18px;\">R\u00e5dhus p\u00e5 Torvet i Stege. I alt 10 deltagere.<\/span><br \/>\nReferat:<br \/>\n1. Valg af dirigent: Carsten Skytt; og referent: Krista Steffensen.<br \/>\n2. Bestyrelsens redeg\u00f8relse for aktiviteter i den forl\u00f8bne periode v\/formanden, Lis<br \/>\n(vedh\u00e6ftet): beretning er godkendt og gav anledning til sp\u00f8rgsm\u00e5l og debat.<br \/>\n3. Kassererens freml\u00e6ggelse af regnskab &amp; budget for 2024, v\/Anette Vangkilde<br \/>\n(vedh\u00e6ftet): Godkendt<br \/>\n4. Indkomne forslag behandles<br \/>\nBestyrelsen har f\u00f8lgende forslag til \u00e6ndringer af vedt\u00e6gter:<br \/>\na) Det indf\u00f8jes, at det alene er formand og kasserer, der er tegningsberettiget ift. bank og<br \/>\nmyndigheder. Godkendt<br \/>\nb) Vi vil undg\u00e5 at have valgte revisorer. Begrundelse: lokalfora er ikke regnskabsforpligtede ift.<br \/>\nkommunen. Godkendt<br \/>\nVedt\u00e6gterne f\u00e5r et afsnit om, hvordan vi implementerer datasikkerhed. Det vil ogs\u00e5 komme<br \/>\ntil at fremg\u00e5 af www.stegelokalforum.dk. OK<br \/>\n5. Valg af bestyrelsesmedlemmer og suppleanter.<br \/>\nBestyrelsen best\u00e5r i dette valg\u00e5r af:<br \/>\nformand Lis Due Rasmussen, kasserer Anette Vangkilde, Sekret\u00e6r Krista Steffensen,<br \/>\nbestyrelsesmedlemmer Jeanett Falkenstr\u00f8m, Jan Hansen, Mie Ballegaard.<br \/>\nI l\u00f8bet af \u00e5ret har Rikke Petersen og Inge Vinter forladt bestyrelsen, og vores suppleant, Jan<br \/>\nHansen er indtr\u00e5dt p\u00e5 Rikkes plads.<br \/>\nP\u00e5 valg i \u00e5r er:<br \/>\nLis Due Rasmussen, som IKKE modtager genvalg,<br \/>\nAnette Vangkilde og Krista Steffensen, som begge modtager genvalg. Begge er genvalgt.<br \/>\nDer skal desuden gerne v\u00e6lges en eller to suppleanter til bestyrelsen. S\u00f8ren Holm melder sig som<br \/>\nsuppleant.<br \/>\nBestyrelsen har desuden generalforsamlingens godkendelse til at supplere sig selv. Dette indf\u00f8res<br \/>\ni vedt\u00e6gterne.<br \/>\n6. Eventuelt: Hyggelig snak rundt om bordet. Herefter afslutning og tak for i aften kl. 20.<\/div>\n<div style=\"text-align: left;\"><\/div>\n<div style=\"text-align: left;\"><span style=\"font-family: 'Source Sans Pro', sans-serif; font-size: 18px;\">\u00a0 \u00a0<\/span><\/div>\n<div style=\"text-align: left;\">\n<p><strong>Beretning for Stege Lokalforum v\/generalforsamling 2024.<\/strong><\/p>\n<p>Stege lokalforum har haft et travlt og aktivt \u00e5r. Det er vores h\u00e5b, at I alle m\u00e6rker vores tilstedev\u00e6relse og drager fordel af de tiltag vi faciliterer.<\/p>\n<p>Her f\u00f8lger et lille udpluk fra det forgangne \u00e5r:<\/p>\n<p>Cykelstier: Stege lokalforum er til stadighed en aktiv del af \u201dFlere Cykelstier.NU\u201d, som ved energisk lobbyarbejde har opn\u00e5et at Vejdirektoratet nu har afsat 23,6 mio. kr. til den sidste str\u00e6kning Gl. Kalvehave -&gt; Langeb\u00e6k. Den skal iht. plan st\u00e5 f\u00e6rdig i 2025. Cykelstien p\u00e5 Kostervej er stort set f\u00e6rdig nu, og Stege Lokalforum planl\u00e6gger at facilitere en festlig indvielse i for\u00e5ret 2024.<\/p>\n<p>Ren By: Stege Lokalforum samarbejder med M\u00f8n Handel, b\u00e5de som facilitator og akt\u00f8r n\u00e5r Stege skal reng\u00f8res og affaldet sorteres. I \u00e5r er det d. 23. marts, &#8211; alle er velkomne!!<\/p>\n<p>Biosf\u00e6re M\u00f8n: Stege Lokalforum deltager i projektet Sporl\u00f8s F\u00e6rd, der skal munde ud i v\u00e6rkt\u00f8jer, der er let brugbare for borgere og g\u00e6ster der f\u00e6rdes i vores natur.<\/p>\n<p>Netv\u00e6rk: Samtlige kommunens lokalfora har fundet sammen i et frugtbart netv\u00e6rk, hvor vi st\u00f8tter og inspirerer hinanden; planl\u00e6gger vores stand p\u00e5 Folkem\u00f8de M\u00f8n, samt andre f\u00e6lles initiativer, h\u00f8ringssvar til kommunen m.v. N\u00e6ste offentlige dialog m\u00f8de med politikerne er vi f\u00e6lles om. Det bliver i Den gule Stald i Kalvehave den 23. maj, og her skal \u201dN\u00e6rdemokrati\u201d under k\u00e6rlig behandling. Alle er velkomne!<\/p>\n<p>Folkem\u00f8de M\u00f8n: 2024 havde vi fokus p\u00e5 de unge. Vi havde produceret en festlig og sjov stand med debatter, konkurrencer og workshops, hvor unge m\u00f8dte lokalpolitikerne.<\/p>\n<p>Havneplan: Stege Lokalforum deltager i m\u00f8der omkring udvikling af vores havne.<\/p>\n<p>Liselund Rangers: Stege lokalforum st\u00f8tter og f\u00f8lger projektet med de unge rangers.<\/p>\n<p>Moena M\u00f8nshallerne: Vi er blevet inviteret til at tage del i arbejdet omkring udvikling af Folkeparken i tilknytning til renovering af sv\u00f8mmehallen \u2013 det arbejde ser vi frem til!<\/p>\n<p>I efter\u00e5ret 24 arrangerede vi et dialogm\u00f8de med politikerne, &#8211; emnet var: \u201dUng p\u00e5 M\u00f8n og Fremtiden\u201d. Der var fuldt hus, med 9 politikere, skolefolk, erhvervsfolk, lokalfora-repr\u00e6sentanter fra \u00f8st og vest, unge og deres for\u00e6ldre. Det blev en fantastisk aften med virkelig fine debatter p\u00e5 kryds og tv\u00e6rs, og gode forslag, som vi i Stege Lokalforum ser frem til at arbejde videre med. Det f\u00f8rste vi tager fat p\u00e5 er transportproblematikken p\u00e5 M\u00f8n. Arbejdet er i gang.<\/p>\n<p>Ministerm\u00f8de: I december deltog vi i m\u00f8de med minister for Landdistrikter Morten Dahlin. Ministeren udtalte bl.a., at \u201dder efter hans mening er for mange regler i planloven, som h\u00e6mmer udvikling og v\u00e6kst. Land og by er ikke hinandens mods\u00e6tninger men landdistrikterne har et s\u00e6rligt, st\u00e6rkt civilsamfund, med mere livskvalitet\u201d. \u2013 Klog mand, &#8211; synes vi .<\/p>\n<p>Stege Discgolf: I januar 2024 er s\u00f8satte vi foreningen Stege Discgolf, der har til form\u00e5l at etablere en discgolf-bane i Stege Skov.<\/p>\n<p>Vi har mange \u00f8nsker, ambitioner og planer for vores arbejde i Stege Lokalforum. Desv\u00e6rre kan vi ikke n\u00e5 dem alle. Vi m\u00e5 ind imellem prioritere vores tid.<\/p>\n<p>Vi er glade for, at flere har f\u00e5et \u00f8jnene op for at vi kan bruges som partnere, &#8211; og bindeled til kommunen, &#8211; det er det der er form\u00e5let med et lokalforum.<\/p>\n<p>I vores kalender for det kommende \u00e5r, &#8211; som ligger p\u00e5 vores facebook &#8211; vil vi opfordre borgere til at tage del i vores m\u00f8der og g\u00f8re Jeres indflydelse g\u00e6ldende. F\u00f8rste gang er i april. Hold \u00f8je!<\/p>\n<p>Med disse ord s\u00e6tter jeg beretningen til debat.<\/p>\n<p>Godkendt Regnskab for 2023 Stege Lokalforum<\/p>\n<p><img loading=\"lazy\" decoding=\"async\" class=\"size-medium wp-image-1356 aligncenter\" src=\"http:\/\/www.stegelokalforum.dk\/wp-content\/uploads\/2024\/02\/22.02.2024-regnskab-med-underskift-212x300.jpeg\" alt=\"\" width=\"212\" height=\"300\" srcset=\"https:\/\/www.stegelokalforum.dk\/wp-content\/uploads\/2024\/02\/22.02.2024-regnskab-med-underskift-212x300.jpeg 212w, https:\/\/www.stegelokalforum.dk\/wp-content\/uploads\/2024\/02\/22.02.2024-regnskab-med-underskift-724x1024.jpeg 724w, https:\/\/www.stegelokalforum.dk\/wp-content\/uploads\/2024\/02\/22.02.2024-regnskab-med-underskift-768x1086.jpeg 768w, https:\/\/www.stegelokalforum.dk\/wp-content\/uploads\/2024\/02\/22.02.2024-regnskab-med-underskift-1086x1536.jpeg 1086w, https:\/\/www.stegelokalforum.dk\/wp-content\/uploads\/2024\/02\/22.02.2024-regnskab-med-underskift-1448x2048.jpeg 1448w, https:\/\/www.stegelokalforum.dk\/wp-content\/uploads\/2024\/02\/22.02.2024-regnskab-med-underskift-1024x1448.jpeg 1024w, https:\/\/www.stegelokalforum.dk\/wp-content\/uploads\/2024\/02\/22.02.2024-regnskab-med-underskift-764x1080.jpeg 764w, https:\/\/www.stegelokalforum.dk\/wp-content\/uploads\/2024\/02\/22.02.2024-regnskab-med-underskift.jpeg 1653w\" sizes=\"(max-width: 212px) 100vw, 212px\" \/><\/p>\n<\/div>\n<div class=\"pvc_clear\"><\/div>\n<p id=\"pvc_stats_959\" class=\"pvc_stats all  \" data-element-id=\"959\" style=\"\"><i class=\"pvc-stats-icon medium\" aria-hidden=\"true\"><svg aria-hidden=\"true\" focusable=\"false\" data-prefix=\"far\" data-icon=\"chart-bar\" role=\"img\" xmlns=\"http:\/\/www.w3.org\/2000\/svg\" viewBox=\"0 0 512 512\" class=\"svg-inline--fa fa-chart-bar fa-w-16 fa-2x\"><path fill=\"currentColor\" d=\"M396.8 352h22.4c6.4 0 12.8-6.4 12.8-12.8V108.8c0-6.4-6.4-12.8-12.8-12.8h-22.4c-6.4 0-12.8 6.4-12.8 12.8v230.4c0 6.4 6.4 12.8 12.8 12.8zm-192 0h22.4c6.4 0 12.8-6.4 12.8-12.8V140.8c0-6.4-6.4-12.8-12.8-12.8h-22.4c-6.4 0-12.8 6.4-12.8 12.8v198.4c0 6.4 6.4 12.8 12.8 12.8zm96 0h22.4c6.4 0 12.8-6.4 12.8-12.8V204.8c0-6.4-6.4-12.8-12.8-12.8h-22.4c-6.4 0-12.8 6.4-12.8 12.8v134.4c0 6.4 6.4 12.8 12.8 12.8zM496 400H48V80c0-8.84-7.16-16-16-16H16C7.16 64 0 71.16 0 80v336c0 17.67 14.33 32 32 32h464c8.84 0 16-7.16 16-16v-16c0-8.84-7.16-16-16-16zm-387.2-48h22.4c6.4 0 12.8-6.4 12.8-12.8v-70.4c0-6.4-6.4-12.8-12.8-12.8h-22.4c-6.4 0-12.8 6.4-12.8 12.8v70.4c0 6.4 6.4 12.8 12.8 12.8z\" class=\"\"><\/path><\/svg><\/i> <img loading=\"lazy\" decoding=\"async\" width=\"16\" height=\"16\" alt=\"Loading\" src=\"https:\/\/www.stegelokalforum.dk\/wp-content\/plugins\/page-views-count\/ajax-loader-2x.gif\" border=0 \/><\/p>\n<div class=\"pvc_clear\"><\/div>\n<p>Hits: 684<\/p>","protected":false},"excerpt":{"rendered":"<p>Generalforsamling i \u201dStege Lokalforum\u201d, torsdag d. 22. februar 2024 kl. 19-21 Afholdt p\u00e5 Det gamle R\u00e5dhus p\u00e5 Torvet i Stege. I alt 10 deltagere. Referat: 1. Valg af dirigent: Carsten Skytt; og referent: Krista Steffensen. 2. Bestyrelsens redeg\u00f8relse for aktiviteter i den forl\u00f8bne periode v\/formanden, Lis (vedh\u00e6ftet): beretning er godkendt og gav anledning til sp\u00f8rgsm\u00e5l&hellip; <br \/> <a class=\"button small blue\" href=\"https:\/\/www.stegelokalforum.dk\/index.php\/stege-lokalforum\/generalforsamlinger\/generalforsamling\/\">L\u00e6s mere<\/a><\/p>\n<div class=\"pvc_clear\"><\/div>\n<p id=\"pvc_stats_959\" class=\"pvc_stats all  \" data-element-id=\"959\" style=\"\"><i class=\"pvc-stats-icon medium\" aria-hidden=\"true\"><svg aria-hidden=\"true\" focusable=\"false\" data-prefix=\"far\" data-icon=\"chart-bar\" role=\"img\" xmlns=\"http:\/\/www.w3.org\/2000\/svg\" viewBox=\"0 0 512 512\" class=\"svg-inline--fa fa-chart-bar fa-w-16 fa-2x\"><path fill=\"currentColor\" d=\"M396.8 352h22.4c6.4 0 12.8-6.4 12.8-12.8V108.8c0-6.4-6.4-12.8-12.8-12.8h-22.4c-6.4 0-12.8 6.4-12.8 12.8v230.4c0 6.4 6.4 12.8 12.8 12.8zm-192 0h22.4c6.4 0 12.8-6.4 12.8-12.8V140.8c0-6.4-6.4-12.8-12.8-12.8h-22.4c-6.4 0-12.8 6.4-12.8 12.8v198.4c0 6.4 6.4 12.8 12.8 12.8zm96 0h22.4c6.4 0 12.8-6.4 12.8-12.8V204.8c0-6.4-6.4-12.8-12.8-12.8h-22.4c-6.4 0-12.8 6.4-12.8 12.8v134.4c0 6.4 6.4 12.8 12.8 12.8zM496 400H48V80c0-8.84-7.16-16-16-16H16C7.16 64 0 71.16 0 80v336c0 17.67 14.33 32 32 32h464c8.84 0 16-7.16 16-16v-16c0-8.84-7.16-16-16-16zm-387.2-48h22.4c6.4 0 12.8-6.4 12.8-12.8v-70.4c0-6.4-6.4-12.8-12.8-12.8h-22.4c-6.4 0-12.8 6.4-12.8 12.8v70.4c0 6.4 6.4 12.8 12.8 12.8z\" class=\"\"><\/path><\/svg><\/i> <img loading=\"lazy\" decoding=\"async\" width=\"16\" height=\"16\" alt=\"Loading\" src=\"https:\/\/www.stegelokalforum.dk\/wp-content\/plugins\/page-views-count\/ajax-loader-2x.gif\" border=0 \/><\/p>\n<div class=\"pvc_clear\"><\/div>\n","protected":false},"author":3,"featured_media":1112,"parent":66,"menu_order":0,"comment_status":"closed","ping_status":"closed","template":"","meta":{"footnotes":""},"_links":{"self":[{"href":"https:\/\/www.stegelokalforum.dk\/index.php\/wp-json\/wp\/v2\/pages\/959"}],"collection":[{"href":"https:\/\/www.stegelokalforum.dk\/index.php\/wp-json\/wp\/v2\/pages"}],"about":[{"href":"https:\/\/www.stegelokalforum.dk\/index.php\/wp-json\/wp\/v2\/types\/page"}],"author":[{"embeddable":true,"href":"https:\/\/www.stegelokalforum.dk\/index.php\/wp-json\/wp\/v2\/users\/3"}],"replies":[{"embeddable":true,"href":"https:\/\/www.stegelokalforum.dk\/index.php\/wp-json\/wp\/v2\/comments?post=959"}],"version-history":[{"count":19,"href":"https:\/\/www.stegelokalforum.dk\/index.php\/wp-json\/wp\/v2\/pages\/959\/revisions"}],"predecessor-version":[{"id":1358,"href":"https:\/\/www.stegelokalforum.dk\/index.php\/wp-json\/wp\/v2\/pages\/959\/revisions\/1358"}],"up":[{"embeddable":true,"href":"https:\/\/www.stegelokalforum.dk\/index.php\/wp-json\/wp\/v2\/pages\/66"}],"wp:featuredmedia":[{"embeddable":true,"href":"https:\/\/www.stegelokalforum.dk\/index.php\/wp-json\/wp\/v2\/media\/1112"}],"wp:attachment":[{"href":"https:\/\/www.stegelokalforum.dk\/index.php\/wp-json\/wp\/v2\/media?parent=959"}],"curies":[{"name":"wp","href":"https:\/\/api.w.org\/{rel}","templated":true}]}}