{"id":1305,"date":"2023-11-21T17:24:48","date_gmt":"2023-11-21T17:24:48","guid":{"rendered":"https:\/\/www.stegelokalforum.dk\/?page_id=1305"},"modified":"2023-11-28T17:17:30","modified_gmt":"2023-11-28T17:17:30","slug":"ung-paa-moen-og-fremtiden","status":"publish","type":"page","link":"https:\/\/www.stegelokalforum.dk\/index.php\/projekter\/vores-projekter\/ung-paa-moen-og-fremtiden\/","title":{"rendered":"Ung p\u00e5 M\u00f8n og fremtiden"},"content":{"rendered":"<p style=\"text-align: left;\"><strong>Referat:\u00a0<\/strong><\/p>\n<p><strong>Stege Lokalforum: Dialogm\u00f8de m\/politikere,<\/strong><\/p>\n<p><strong>mandag d. 20. november 2023, kl. 19-21, Det gamle R\u00e5dhus, Torvet i Stege.<\/strong><\/p>\n<p><strong>Emne: \u201dUnge p\u00e5 M\u00f8n &amp; fremtiden\u201d<\/strong><\/p>\n<p style=\"text-align: left;\">1) Velkommen v\/Stege Lokalforum\u00b4s formand Lis Due Rasmussen<\/p>\n<p style=\"text-align: left;\">2) Pr\u00e6sentation af deltagerne v\/Jeanett Falkenstr\u00f8m:<\/p>\n<p style=\"text-align: left;\">9 politikere; 3 embedsm\u00e6nd; mindst 8 erhvervsfolk; mindst 8 for\u00e6ldre; 7 teenagere; 2 skoleledere; 1 klubleder; 8 repr\u00e6sentanter fra M\u00f8ns lokalfora\u00e9r. I alt ca. 46 personer<\/p>\n<p style=\"text-align: left;\">3) Opl\u00e6g t\/dialog v\/Jeanett Falkenstr\u00f8m:<\/p>\n<p style=\"text-align: left;\">De unges muligheder for uddannelse, &#8211; skolem\u00e6ssigt \/ Erhvervsm\u00e6ssigt<\/p>\n<p>De unges indspark:<\/p>\n<p style=\"text-align: left;\">Transport er et k\u00e6mpe problem!! Fri busk\u00f8rsel, &#8211; eller bare mulighed for at komme omkring i kommunen med bus ville l\u00f8fte rigtig meget for de unge.<\/p>\n<p style=\"text-align: left;\">Uddannelse: vigtigt at der er et stort center med mange forskellige uddannelser, af hensyn til f\u00e6llesskab og muligheden for netv\u00e6rk.<\/p>\n<p style=\"text-align: left;\">Informationsniveau: De unge i \u00f8st og vest f\u00e5r ikke at vide hvis der er aktiviteter i Stege.<\/p>\n<p style=\"text-align: left;\">Forslag: Unge der t\u00f8r at stille op p\u00e5 skolerne og fort\u00e6lle hvad der sker.<\/p>\n<p style=\"text-align: left;\">Bylivet i Stege er meget bedre end i Vordingborg \ud83d\ude0a<\/p>\n<p style=\"text-align: left;\">En flok unge tilbyder at bygge en skaterampe, hvis de har et sted at bygge den i Stege.<\/p>\n<p style=\"text-align: left;\">\n<p>For\u00e6ldres indspark:<\/p>\n<p style=\"text-align: left;\">Socialt liv, &#8211; der mangler netv\u00e6rk p\u00e5 tv\u00e6rs af ALLE skolerne og omr\u00e5derne uden for Stege.<\/p>\n<p style=\"text-align: left;\">Muligheder for f.eks. at spille computer.<\/p>\n<p style=\"text-align: left;\">Information: For\u00e6ldre ved ikke at tilbuddene findes, &#8211; det der giver demokratisk dannelse.<\/p>\n<p style=\"text-align: left;\">Ungdomsskolebussen mangler til afhentning af unge der skal g\u00e5 til noget i Ungdomsskolen.<\/p>\n<p style=\"text-align: left;\">Noget at samles om: F.eks. Hiphop-koncerter p\u00e5 Torvet.<\/p>\n<p style=\"text-align: left;\">K\u00f8rsel: Mange for\u00e6ldre KAN af forskellige \u00e5rsager ikke k\u00f8re deres b\u00f8rn til aktiviteter.<\/p>\n<p style=\"text-align: left;\">Hvad med de \u00e6ldre b\u00f8rn\/unge\/halvvoksne? Hvad er fedt p\u00e5 M\u00f8n? Hvordan f\u00e5r vi dem til at komme tilbage?<\/p>\n<p style=\"text-align: left;\">Forslag: Et kollegiehus\/udlejningshus i Stege til de unge der vender hjem til sommerjobs.<\/p>\n<p style=\"text-align: left;\">\n<p>Erhvervets indspark:<\/p>\n<p style=\"text-align: left;\">L\u00e6repladser mangler, som f.eks. fris\u00f8r.<\/p>\n<p style=\"text-align: left;\">Transport til erhvervsskoler: Struktur mangler, da det er helt h\u00e5bl\u00f8st at bo p\u00e5 M\u00f8n og v\u00e6re i l\u00e6re med inkluderet skoleophold.<\/p>\n<p style=\"text-align: left;\">Anderledes unge: For mange unge mennesker kasseres og optages ikke i virksomheder. Dem skal vi give en chance.<\/p>\n<p style=\"text-align: left;\">L\u00e6repladserne b\u00f8r have vilk\u00e5r der g\u00f8r det nemt at kunne optage l\u00e6rlinge.<\/p>\n<p style=\"text-align: left;\">Sv\u00e6re tilf\u00e6lde (unge) b\u00f8r have mulighed for delt kontrakt, s\u00e5 de ikke g\u00e5r d\u00f8d i l\u00e6repladsen pga. et perspektiv p\u00e5 4 \u00e5rs l\u00e6retid.<\/p>\n<p style=\"text-align: left;\">Erfaring m\/s\u00e5rbar ung: Da han fik opgaver der interesserer ham, s\u00e5 kunne han pludselig b\u00e5de l\u00e6se, skrive og regne.<\/p>\n<p style=\"text-align: left;\">At v\u00e6re ung p\u00e5 M\u00f8n skal v\u00e6re sjovt!!<\/p>\n<p style=\"text-align: left;\">Evaluering af erhvervspraktik fra skolernes side ift. virksomhederne mangler totalt.<\/p>\n<p style=\"text-align: left;\">Der arrangeres sodavandsdiskotek i M\u00f8nshallen for alle b\u00f8rn op til 7. klasse.<\/p>\n<p style=\"text-align: left;\">Ret\u00e6nk idr\u00e6tsforeningerne og lad de unge deltage i alle foreninger = \u00e9n forening for alle! Thomas Stecker har planen.<\/p>\n<p style=\"text-align: left;\">Hvor skal man g\u00e5 hen n\u00e5r man ikke ved hvad man vil? Pr\u00f8ve en praktik.<\/p>\n<p style=\"text-align: left;\">For\u00e6ldre kan fort\u00e6lle om deres uddannelsesvej. Ude i skoleklasserne.<\/p>\n<p style=\"text-align: left;\">Erhvervet tager gerne imod erhvervspraktikanter, &#8211; og gerne de der ikke er bogligt st\u00e6rke.<\/p>\n<p style=\"text-align: left;\">Banken tager gerne alle de praktikanter der henvender sig. Men skal nok v\u00e6re mere \u00e5bne og ops\u00f8gende.<\/p>\n<p style=\"text-align: left;\">Erhvervet er meget modtagelige, men de unge skal v\u00e6re meget bedre forberedte fra skolerne.<\/p>\n<p style=\"text-align: left;\">Fokuser p\u00e5 de der IKKE kan tage en alm. ungdomsuddannelse!! Det kr\u00e6ver noget ekstra af erhvervslivet<\/p>\n<p style=\"text-align: left;\">Etablering af et decentralt campus med uddannelses- og arbejdsmulighed p\u00e5 M\u00f8n, det kunne f.eks. v\u00e6re inden for sundheds-, service- eller andre erhverv, hvor der mangler uddannet arbejdskraft p\u00e5 M\u00f8n, men hvor manglende mobilitet g\u00f8r, at man ikke kan uddanne sig p\u00e5 Sj\u00e6lland eller tr\u00e6kke folk udefra til.<\/p>\n<p style=\"text-align: left;\">\n<p>&nbsp;<\/p>\n<p>Skolefolkenes indspark:<\/p>\n<p style=\"text-align: left;\">Folkeskole skal revolutioneres; &#8211; juniormesterl\u00e6re = bro til mesterl\u00e6re.<\/p>\n<p style=\"text-align: left;\">Lad os skabe en Ungdomsuddannelse p\u00e5 M\u00f8n!! \u2013 kunstnerisk, kreativ, fagfaglig, boglig.<\/p>\n<p style=\"text-align: left;\">Selvstyret ungdomshus er p\u00e5 vej.<\/p>\n<p style=\"text-align: left;\">Campus: Vordingborg kommune har den gamle station som er til forskellige kreative aktiviteter = studieaktivt milj\u00f8 &amp; kreativt v\u00e6rksted m\/rammer &amp; regler.<\/p>\n<p style=\"text-align: left;\">Ungdomsskolen er fra 7. kl. og til 18 \u00e5r. Den er for ALLE kommunens unge uanset hvilken skole de g\u00e5r p\u00e5.<\/p>\n<p style=\"text-align: left;\">Ungdomsklubben: Alle for\u00e6ldre og alle unge i folkeskolen kontaktes af Niels Beckmann.<\/p>\n<p style=\"text-align: left;\">Friskolerne, hvor 50% af de m\u00f8nske b\u00f8rn g\u00e5r, har ikke samme service. Her skal man huske at invitere Niels for at f\u00e5 et bes\u00f8g og tilbud om, at kunne bruge ungdomsklubben.<\/p>\n<p style=\"text-align: left;\">Ungdomsklubben kan facilitere kontakt til uddannelses steder\/mesterl\u00e6re.<\/p>\n<p style=\"text-align: left;\">Mange s\u00e5rbare unge kommer i klubben. Der er en basketbane v\/ungdomsklubben, som kan bruges af alle.<\/p>\n<p style=\"text-align: left;\">E-sport er \u00e5bnet i M\u00f8nshallen. Der findes masser af e-sport\/gaming p\u00e5 M\u00f8n.<\/p>\n<p style=\"text-align: left;\">Praktik\/erhverv\/l\u00e6rlinge: Lokal Miniskills for hele M\u00f8n Skole; &#8211; der er brug for erhvervslivet.<\/p>\n<p style=\"text-align: left;\">\n<p style=\"text-align: center;\">Lokalfora\u00b4s indspark:<\/p>\n<p style=\"text-align: left;\">Ungdomsprojekt i Borre for nogle \u00e5r siden faldt til jorden. Derfor skal der st\u00f8ttes op om Stege.<\/p>\n<p style=\"text-align: left;\">Unge p\u00e5 Vestm\u00f8n har ingen steder at v\u00e6re. Hvad skal de lave og hvor??<\/p>\n<p style=\"text-align: left;\">Idr\u00e6tsforeninger samler mennesker, &#8211; de aktiverer ogs\u00e5 de unge, &#8211; hvis de findes. Kan b\u00e6re.<\/p>\n<p style=\"text-align: left;\">Forslag: samarbejde skolerne imellem omkr. idr\u00e6t, skills m.v. 50% af de unge g\u00e5r i friskoler, s\u00e5 det er vigtigt!!<\/p>\n<p style=\"text-align: left;\">\n<p>Politikere\u00b4s indspark:<\/p>\n<p style=\"text-align: left;\">Hvor lang transport er de unge villige til?<\/p>\n<p style=\"text-align: left;\">Hvordan f\u00e5r vi de unge til at komme i tilbuddene?? Sp\u00f8rg dem hvad de gerne vil.<\/p>\n<p style=\"text-align: left;\">Tilbud som passer til alle, &#8211; f.eks. alternativ til sport.<\/p>\n<p style=\"text-align: left;\">F\u00e6llesskab p\u00e5 tv\u00e6rs af Ungdomshuset\/M\u00f8nshallen\/idr\u00e6t m.v.<\/p>\n<p style=\"text-align: left;\">Fritidsjob hele \u00e5ret til de unge mennesker. Evt. via udvikling af turismen til hele \u00e5ret.<\/p>\n<p style=\"text-align: left;\">Der mangler opbakning til tilbuddene fra de unge.<\/p>\n<p style=\"text-align: left;\">Ungegaranti: forpligtende samarbejde erhverv &amp; kommune imellem.<\/p>\n<p style=\"text-align: left;\">Der skal t\u00e6nkes alternativ til transport.<\/p>\n<p style=\"text-align: left;\">KB har fokus p\u00e5, at det skal v\u00e6re de rigtige ting der s\u00e6ttes i s\u00f8en.<\/p>\n<p>Sig JA til de unge!!<\/p>\n<p>Forslag: Projekter i skoleregi m\/sp\u00f8rgsm\u00e5l om hvad de unge kan t\u00e6nke sig.<\/p>\n<p>Brug kollektiv transport s\u00e5 meget som muligt. T\u00e6nk transport p\u00e5 en ny m\u00e5de.<\/p>\n<p>4) Opsamling og nedskrivning af gode ideer<\/p>\n<p>&nbsp;<\/p>\n<p>Alle de gode indspark blev undervejs skrevet ned p\u00e5 en tavle og gennemg\u00e5et af Lis Due.<\/p>\n<p>&nbsp;<\/p>\n<p>&nbsp;<\/p>\n<p>5) Hvordan kommer vi videre, &#8211; resultat af vores dialog, &#8211; aftaler om hvad vi hver is\u00e6r skal arbejde med. Og: Skal vi m\u00f8des igen??<\/p>\n<p>&nbsp;<\/p>\n<p>Stege Lokalforum arbejder videre med emnet \u201dUnge p\u00e5 M\u00f8n &amp; fremtiden\u201d. Vi vil efter behov indkalde forskellige grupper til fornyet debat med det m\u00e5l at g\u00f8re M\u00f8n til en super attraktiv \u00f8 for vores unge.<\/p>\n<p>Vi har i hvert fald konstateret at vi alle tr\u00e6kker i samme retning og har samme \u00f8nsker o<\/p>\n<p>&nbsp;<\/p>\n<p>&nbsp;<\/p>\n<p><strong>M\u00f8de med politiker den 20. november 2023 &#8220;Ung p\u00e5 M\u00f8n og fremtiden&#8221;<\/strong><\/p>\n<p>Stege Lokalforum inviterer til dialogm\u00f8de m\/overskriften:<\/p>\n<p>UNGE P\u00c5 M\u00d8N OG FREMTIDEN<\/p>\n<p>Dato: Mandag d. 20.11.23 Tid: kl. 19.00 \u2013 21.00 Sted: Stege Gl. R\u00e5dhus (Tilmeld Jer p\u00e5 stegelokalforum@gmail.com )<\/p>\n<p>K\u00e6re unge p\u00e5 M\u00f8n og Jeres for\u00e6ldre<\/p>\n<p>Stege Lokalforum inviterer til en aften med lokalt erhvervsliv og relevante politikere fra Vordingborg Kommune.<\/p>\n<p>Vi \u00f8nsker at h\u00f8re Jeres perspektiver p\u00e5, hvordan det er at v\u00e6re ung p\u00e5 M\u00f8n, og hvilke udfordringer I har.<\/p>\n<p>Der l\u00e6gges op til en \u00e5ben og \u00e6rlig dialog om, hvad der skal til for at skabe det gode liv for Jer unge i vores lokalsamfund.<\/p>\n<p>Vi s\u00e6tter fokus p\u00e5 emner som: uddannelse, boligforhold, jobmuligheder, fritid.<\/p>\n<p>Hvordan skaber vi voksne forhold for Jer, s\u00e5 I ser muligheder for at bo og uddanne Jer lokalt eller at vende tilbage til lokalomr\u00e5det, efter endt uddannelse.<\/p>\n<p>Vi l\u00e6gger op til en sp\u00e6ndende og provokerende aften, hvor vi udfordrer eksisterende tankegange og opfordrer til nye perspektiver.<\/p>\n<p>Kom og v\u00e6r med hvor det er Jeres stemmer og perspektiver, der er i centrum.<\/p>\n<p>Dette er en oplagt mulighed for at f\u00e5 indflydelse p\u00e5 udviklingen i vores lokalsamfund og v\u00e6re med til at g\u00f8re en forskel.<\/p>\n<p>Stege Lokalforum styrer m\u00f8det, og er v\u00e6rt ved l\u00e6kker kage, vand, te og kaffe.<\/p>\n<p>Dagsordenen, &#8211; som styres af Stege Lokalforum\u00b4s Jeanett Falkenstr\u00f8m, bliver i hovedpunkter s\u00e5ledes:<\/p>\n<p>&nbsp;<\/p>\n<p>Kl. 18.45 &#8211; 19: ankomst t\/kaffe m.v.<\/p>\n<p>1) 19.05 \u2013 19.15: Velkommen v\/Stege Lokalforum\u00b4s formand Lis Due Rasmussen<\/p>\n<p>2) 19.15 \u2013 19.25: Pr\u00e6sentation af deltagerne v\/JF.<\/p>\n<p>3) 19.25 \u2013 19-35: Opl\u00e6g t\/dialog v\/JF: De unges muligheder for uddannelse, &#8211; skolem\u00e6ssigt \/ erhvervsm\u00e6ssigt<\/p>\n<p>4) 19.35 \u2013 20.15: Facilitering af dialog v\/JF<\/p>\n<p>5) 20.15 \u2013 20-30: Opsamling og nedskrivning af gode ideer<\/p>\n<p>6) 20.30 \u2013 20.57: Hvordan kommer vi videre, &#8211; resultat af vores dialog, &#8211; aftaler om hvad vi hver is\u00e6r skal arbejde med. Og: Skal vi m\u00f8des igen??<\/p>\n<p>7) 20.57 \u2013 21.00: Tak for i aften v\/ Stege Lokalforum<\/p>\n<p>&nbsp;<\/p>\n<p>NB. 2 timer er ikke meget, s\u00e5 kom i tide, &#8211; og gerne lidt f\u00f8r. Husk tilmelding!<\/p>\n<div class=\"pvc_clear\"><\/div>\n<p id=\"pvc_stats_1305\" class=\"pvc_stats all  \" data-element-id=\"1305\" style=\"\"><i class=\"pvc-stats-icon medium\" aria-hidden=\"true\"><svg aria-hidden=\"true\" focusable=\"false\" data-prefix=\"far\" data-icon=\"chart-bar\" role=\"img\" xmlns=\"http:\/\/www.w3.org\/2000\/svg\" viewBox=\"0 0 512 512\" class=\"svg-inline--fa fa-chart-bar fa-w-16 fa-2x\"><path fill=\"currentColor\" d=\"M396.8 352h22.4c6.4 0 12.8-6.4 12.8-12.8V108.8c0-6.4-6.4-12.8-12.8-12.8h-22.4c-6.4 0-12.8 6.4-12.8 12.8v230.4c0 6.4 6.4 12.8 12.8 12.8zm-192 0h22.4c6.4 0 12.8-6.4 12.8-12.8V140.8c0-6.4-6.4-12.8-12.8-12.8h-22.4c-6.4 0-12.8 6.4-12.8 12.8v198.4c0 6.4 6.4 12.8 12.8 12.8zm96 0h22.4c6.4 0 12.8-6.4 12.8-12.8V204.8c0-6.4-6.4-12.8-12.8-12.8h-22.4c-6.4 0-12.8 6.4-12.8 12.8v134.4c0 6.4 6.4 12.8 12.8 12.8zM496 400H48V80c0-8.84-7.16-16-16-16H16C7.16 64 0 71.16 0 80v336c0 17.67 14.33 32 32 32h464c8.84 0 16-7.16 16-16v-16c0-8.84-7.16-16-16-16zm-387.2-48h22.4c6.4 0 12.8-6.4 12.8-12.8v-70.4c0-6.4-6.4-12.8-12.8-12.8h-22.4c-6.4 0-12.8 6.4-12.8 12.8v70.4c0 6.4 6.4 12.8 12.8 12.8z\" class=\"\"><\/path><\/svg><\/i> <img loading=\"lazy\" decoding=\"async\" width=\"16\" height=\"16\" alt=\"Loading\" src=\"https:\/\/www.stegelokalforum.dk\/wp-content\/plugins\/page-views-count\/ajax-loader-2x.gif\" border=0 \/><\/p>\n<div class=\"pvc_clear\"><\/div>\n<p>Hits: 625<\/p>","protected":false},"excerpt":{"rendered":"<p>Referat:\u00a0 Stege Lokalforum: Dialogm\u00f8de m\/politikere, mandag d. 20. november 2023, kl. 19-21, Det gamle R\u00e5dhus, Torvet i Stege. Emne: \u201dUnge p\u00e5 M\u00f8n &amp; fremtiden\u201d 1) Velkommen v\/Stege Lokalforum\u00b4s formand Lis Due Rasmussen 2) Pr\u00e6sentation af deltagerne v\/Jeanett Falkenstr\u00f8m: 9 politikere; 3 embedsm\u00e6nd; mindst 8 erhvervsfolk; mindst 8 for\u00e6ldre; 7 teenagere; 2 skoleledere; 1 klubleder; 8&hellip; <br \/> <a class=\"button small blue\" href=\"https:\/\/www.stegelokalforum.dk\/index.php\/projekter\/vores-projekter\/ung-paa-moen-og-fremtiden\/\">L\u00e6s mere<\/a><\/p>\n<div class=\"pvc_clear\"><\/div>\n<p id=\"pvc_stats_1305\" class=\"pvc_stats all  \" data-element-id=\"1305\" style=\"\"><i class=\"pvc-stats-icon medium\" aria-hidden=\"true\"><svg aria-hidden=\"true\" focusable=\"false\" data-prefix=\"far\" data-icon=\"chart-bar\" role=\"img\" xmlns=\"http:\/\/www.w3.org\/2000\/svg\" viewBox=\"0 0 512 512\" class=\"svg-inline--fa fa-chart-bar fa-w-16 fa-2x\"><path fill=\"currentColor\" d=\"M396.8 352h22.4c6.4 0 12.8-6.4 12.8-12.8V108.8c0-6.4-6.4-12.8-12.8-12.8h-22.4c-6.4 0-12.8 6.4-12.8 12.8v230.4c0 6.4 6.4 12.8 12.8 12.8zm-192 0h22.4c6.4 0 12.8-6.4 12.8-12.8V140.8c0-6.4-6.4-12.8-12.8-12.8h-22.4c-6.4 0-12.8 6.4-12.8 12.8v198.4c0 6.4 6.4 12.8 12.8 12.8zm96 0h22.4c6.4 0 12.8-6.4 12.8-12.8V204.8c0-6.4-6.4-12.8-12.8-12.8h-22.4c-6.4 0-12.8 6.4-12.8 12.8v134.4c0 6.4 6.4 12.8 12.8 12.8zM496 400H48V80c0-8.84-7.16-16-16-16H16C7.16 64 0 71.16 0 80v336c0 17.67 14.33 32 32 32h464c8.84 0 16-7.16 16-16v-16c0-8.84-7.16-16-16-16zm-387.2-48h22.4c6.4 0 12.8-6.4 12.8-12.8v-70.4c0-6.4-6.4-12.8-12.8-12.8h-22.4c-6.4 0-12.8 6.4-12.8 12.8v70.4c0 6.4 6.4 12.8 12.8 12.8z\" class=\"\"><\/path><\/svg><\/i> <img loading=\"lazy\" decoding=\"async\" width=\"16\" height=\"16\" alt=\"Loading\" src=\"https:\/\/www.stegelokalforum.dk\/wp-content\/plugins\/page-views-count\/ajax-loader-2x.gif\" border=0 \/><\/p>\n<div class=\"pvc_clear\"><\/div>\n","protected":false},"author":1,"featured_media":0,"parent":128,"menu_order":0,"comment_status":"closed","ping_status":"closed","template":"","meta":{"footnotes":""},"_links":{"self":[{"href":"https:\/\/www.stegelokalforum.dk\/index.php\/wp-json\/wp\/v2\/pages\/1305"}],"collection":[{"href":"https:\/\/www.stegelokalforum.dk\/index.php\/wp-json\/wp\/v2\/pages"}],"about":[{"href":"https:\/\/www.stegelokalforum.dk\/index.php\/wp-json\/wp\/v2\/types\/page"}],"author":[{"embeddable":true,"href":"https:\/\/www.stegelokalforum.dk\/index.php\/wp-json\/wp\/v2\/users\/1"}],"replies":[{"embeddable":true,"href":"https:\/\/www.stegelokalforum.dk\/index.php\/wp-json\/wp\/v2\/comments?post=1305"}],"version-history":[{"count":4,"href":"https:\/\/www.stegelokalforum.dk\/index.php\/wp-json\/wp\/v2\/pages\/1305\/revisions"}],"predecessor-version":[{"id":1315,"href":"https:\/\/www.stegelokalforum.dk\/index.php\/wp-json\/wp\/v2\/pages\/1305\/revisions\/1315"}],"up":[{"embeddable":true,"href":"https:\/\/www.stegelokalforum.dk\/index.php\/wp-json\/wp\/v2\/pages\/128"}],"wp:attachment":[{"href":"https:\/\/www.stegelokalforum.dk\/index.php\/wp-json\/wp\/v2\/media?parent=1305"}],"curies":[{"name":"wp","href":"https:\/\/api.w.org\/{rel}","templated":true}]}}