{"id":1095,"date":"2021-04-14T14:12:14","date_gmt":"2021-04-14T14:12:14","guid":{"rendered":"http:\/\/www.stegelokalforum.dk\/?page_id=1095"},"modified":"2026-04-02T18:23:52","modified_gmt":"2026-04-02T18:23:52","slug":"kalender","status":"publish","type":"page","link":"https:\/\/www.stegelokalforum.dk\/index.php\/kalender\/","title":{"rendered":"Kalender"},"content":{"rendered":"<div id=\"pl-1095\"  class=\"panel-layout\" ><div id=\"pg-1095-0\"  class=\"panel-grid panel-has-style\" ><div class=\"siteorigin-panels-stretch panel-row-style panel-row-style-for-1095-0\" data-stretch-type=\"full\" ><div id=\"pgc-1095-0-0\"  class=\"panel-grid-cell\" ><div id=\"panel-1095-0-0-0\" class=\"so-panel widget widget_sow-headline panel-first-child\" data-index=\"0\" ><div\n\t\t\t\n\t\t\tclass=\"so-widget-sow-headline so-widget-sow-headline-default-52b4ac1ef306-1095 so-widget-fittext-wrapper\"\n\t\t\t data-fit-text-compressor=\"0.85\"\n\t\t><div class=\"sow-headline-container \">\n\t<h1 class='sow-headline'>Vigtige datoer<\/h1><\/div>\n<\/div><\/div><div id=\"panel-1095-0-0-1\" class=\"so-panel widget widget_sow-features panel-last-child\" data-index=\"1\" ><div\n\t\t\t\n\t\t\tclass=\"so-widget-sow-features so-widget-sow-features-default-0ff25fbec0fd-1095\"\n\t\t\t\n\t\t>\n<div class=\"sow-features-list sow-features-responsive\">\n\n\t\t\t\t\t\t\t\t\t<div\n\t\t\t\tclass=\"sow-features-feature sow-icon-container-position-top sow-features-feature-last-row\"\n\t\t\t\tstyle=\"display: flex; flex-direction: column; width: 33.333%;\"\n\t\t\t>\n\t\t\t\n\t\t\t\t\t\t\t\t<div\n\t\t\t\t\tclass=\"sow-icon-container sow-container-sticker\"\n\t\t\t\t\tstyle=\"color: #b9dae8; \"\n\t\t\t\t\t>\n\t\t\t\t\t<span class=\"sow-icon-fontawesome sow-far\" data-sow-icon=\"&#xf073;\"\n\t\tstyle=\"font-size: 70px; color: #FFFFFF\" \n\t\taria-hidden=\"true\"><\/span>\t\t\t\t<\/div>\n\t\t\t\t\n\t\t\t\t<div class=\"textwidget\">\n\t\t\t\t\t\n\t\t\t\t\t\t\t\t\t\t\t<h5>\n\t\t\t\t\t\t\t\n\t\t\t\t\t\t\tKommende bestyrelsesm\u00f8der\t\t\t\t\t\t\t\t\t\t\t\t\t<\/h5>\n\t\t\t\t\t\n\t\t\t\t\t\t\t\t\t\t\t<p>Der afholdes bestyrelsesm\u00f8de ca. en gang om m\u00e5neden.<\/p>\n<p>Vi m\u00f8des ca. hver 3. m\u00e5ned med de andre lokalfora fra Vordingborg.<\/p>\n<p>Deltager i m\u00f8der med politikerne.<\/p>\n<p>Der er afholdt generalforsamling i \u201dStege Lokalforum\u201d, mandag d. 9. marts 2026 kl. 19-21 p\u00e5 Det gamle R\u00e5dhus p\u00e5 Torvet i Stege.<\/p>\n<p>Se referat \"om Stege Lokalforum - Generalforsamlinger - 2026<\/p>\n\t\t\t\t\t\n\t\t\t\t\t\t\t\t\t<\/div>\n\t\t\t\t\t\t\t\t\n\t\t\t\t\t\t\t<\/div>\n\n\t\t\t\t\t\t\t\t<div\n\t\t\t\tclass=\"sow-features-feature sow-icon-container-position-top sow-features-feature-last-row\"\n\t\t\t\tstyle=\"display: flex; flex-direction: column; width: 33.333%;\"\n\t\t\t>\n\t\t\t\n\t\t\t\t\t\t\t\t<div\n\t\t\t\t\tclass=\"sow-icon-container sow-container-sticker\"\n\t\t\t\t\tstyle=\"color: #e5d96b; \"\n\t\t\t\t\t>\n\t\t\t\t\t<span class=\"sow-icon-fontawesome sow-far\" data-sow-icon=\"&#xf073;\"\n\t\tstyle=\"font-size: 70px; color: #FFFFFF\" \n\t\taria-hidden=\"true\"><\/span>\t\t\t\t<\/div>\n\t\t\t\t\n\t\t\t\t<div class=\"textwidget\">\n\t\t\t\t\t\n\t\t\t\t\t\t\t\t\t\t\t<h5>\n\t\t\t\t\t\t\t\n\t\t\t\t\t\t\tM\u00f8der og aktiviteter 2026\t\t\t\t\t\t\t\t\t\t\t\t\t<\/h5>\n\t\t\t\t\t\n\t\t\t\t\t\t\t\t\t\t\t<p>&nbsp;<\/p>\n<p>&nbsp;<\/p>\n<p>Den 25. november kl. 18 til ca 19 Pr\u00e6st\u00f8<\/p>\n<p>Stege Lokalfora deltager i<\/p>\n<div>\n<p class=\"x_MsoNormal\">mini-netv\u00e6rksm\u00f8de, som dog ogs\u00e5 er startskuddet p\u00e5 borgerbudget 2026.<\/p>\n<\/div>\n<div>\n<p class=\"x_MsoNormal\">Vordingborg Kommune vil fort\u00e6lle om rammerne og beslutningen for borgerbudgetter i 2026.<\/p>\n<\/div>\n<div>\n<p class=\"x_MsoNormal\">I Pr\u00e6st\u00f8 og p\u00e5 Jungshoved er vi midt i processen med borgerbudgettet for 2025. Det har v\u00e6ret et h\u00e6sbl\u00e6sende, l\u00e6rerigt og givende forl\u00f8b. Vi vil fort\u00e6lle kort om vores oplevelser.<\/p>\n<\/div>\n<div>\n<p class=\"x_MsoNormal\" aria-hidden=\"true\">\n<\/p><\/div>\n<p><strong>Invitation til\u00a0 v\u00e6lgerm\u00f8de i Moena M\u00f8nshallernes foyer<\/strong><br \/>\n<strong>Platanvej 40 i Stege<\/strong><br \/>\n<strong>Tirsdag d. 21. oktober 2025 kl. 19.00-21.00<\/strong><br \/>\n<strong>For kandidater med tilknytning til Stege og M\u00f8n<\/strong><br \/>\n<strong>Hermed inviteres repr\u00e6sentanter for de opstillingsberettigende partier til kommunalvalget 2025<\/strong><br \/>\n<strong>Temaet:<\/strong><br \/>\n<strong>Kultur, fritid, sundhed og trivsel \u2013 hvordan f\u00e5r vi Stege til at blomstre?<\/strong><\/p>\n<p>_______________________________________________________<\/p>\n<p>Stege Lokalforum deltager i Folkem\u00f8det M\u00f8n 22. og 23. august 2025<\/p>\n<p><strong>Fredag:<\/strong><\/p>\n<p>Rusmiddelcenteret er med hele dagen.<\/p>\n<p>Br\u00e6tspil er p\u00e5 standen hele dagen Margit<\/p>\n<p>Disc-golf kurven Jeanett<\/p>\n<p>&nbsp;<\/p>\n<p>\u201dUngefestival p\u00e5 vandring\u201d:<\/p>\n<p>Vi tager det som en intuitiv snak p\u00e5 stedet<\/p>\n<p>Krista skriver guidelines til inspiration for samtalerne<\/p>\n<p>&nbsp;<\/p>\n<p><strong>L\u00f8rdag hele dagen:<\/strong><\/p>\n<p>Byrummet i Stege: plancher: Krista finder plancherne fra borgerm\u00f8det (7\/6) og Jeanett bl\u00e6ser dem op p\u00e5 A3. H\u00e6nger p\u00e5 teltet<\/p>\n<p>L\u00f8rdag kl. 11-12: borgerbudgetter v\/Pr\u00e6st\u00f8 &amp; Jungshoved<\/p>\n<p>L\u00f8rdag kl. 12-13: Gr\u00f8n Trepart m\/Martin Graff, Benjamin Berner &amp; Jesper Carlsson<\/p>\n<p>L\u00f8rdag kl. 13-14: Ebbe Ravnsted pr\u00e6senterer et lokalt initiativ beredskabsplaner. Jan er talkshowv\u00e6rt.<\/p>\n<p>&nbsp;<\/p>\n<p>&nbsp;<\/p>\n<p>&nbsp;<\/p>\n<p><strong>Stege Lokalforum inviterer til DIALOGM\u00d8DE TORSDAG\u00a0 D. 22. MAJ KL:19<\/strong><\/p>\n<p><strong>Sted: NB \u00e6ndret til Stege Skole <\/strong><strong style=\"font-size: 18px;\">Aulaen, Birkev\u00e6nget 2 i Stege<\/strong><\/p>\n<p><strong>Aftenens emne:<\/strong><\/p>\n<p><strong>De seneste 10 \u00e5rs dyre udarbejdelser af fine planer for by- og havneomr\u00e5det \u2013 hvad har vi borgere f\u00e5et for pengene og hvad byder fremtiden p\u00e5?<\/strong><\/p>\n<p><strong>Kom og h\u00f8r lokale byr\u00e5dspolitikere, repr\u00e6sentanter for handelsstand, turistforening og det mangfoldige foreningsliv debattere byens muligheder som handels- og middelalderby<\/strong><\/p>\n<p><strong>Kom og stil sp\u00f8rgsm\u00e5l og deltag aktivt i debatten<\/strong><\/p>\n<p><strong>Stege lokalforum byder p\u00e5 kaffe, te og kage.\u00a0<\/strong><\/p>\n<p>Deltagerliste - se under DIALOGM\u00d8DER<\/p>\n<p>Tilmelding: Stegelokalforum@gmail.com<\/p>\n<p>&nbsp;<\/p>\n<p>&nbsp;<\/p>\n<p>&nbsp;<\/p>\n<p class=\"x_MsoNormal\">I Stege afholdes Kriseberedskabskursus:<\/p>\n<p class=\"x_MsoNormal\">Dato: Torsdag den 6. marts kl. 19.00-21.00<\/p>\n<p class=\"x_MsoNormal\">Sted: M\u00f8n skole, Stege Afd. (samlingssalen)<\/p>\n<p class=\"x_MsoNormal\">Tilmelding: til Stege Lokalforum p\u00e5\u00a0<a title=\"mailto:stegelokalforum@gmail.com\" href=\"mailto:stegelokalforum@gmail.com\" data-linkindex=\"0\">stegelokalforum@gmail.com<\/a>\u00a0senest den 27. februar<\/p>\n<p>&nbsp;<\/p>\n<p>Generalforsamling <span style=\"font-family: 'Source Sans Pro', sans-serif; font-size: 18px;\">torsdag d. 20. marts 2025 kl. 19 p\u00e5 Det gamle R\u00e5dhus. Alle er velkommen.<\/span><\/p>\n<p>__________________________________________________________________________________<\/p>\n<p><strong>M\u00f8der og aktiviteter 2024<\/strong><\/p>\n<p>22\/2-24 Generalforsamling Stege Lokalforum - opslag p\u00e5 forsiden.<\/p>\n<p>20\/2-24 bestyrelsesm\u00f8de<\/p>\n<p>1\/2-24 Stege Lokalforum deltager i f\u00e6lles Lokalfora m\u00f8de.<\/p>\n<p>11\/1-24 bestyrelsesm\u00f8de.<\/p>\n<p>Stege lokalforum vil i 2024 holder \u00e5bne bestyrelsesm\u00f8der i 2024. Datoer kommer snarest.<\/p>\n<p><strong>M\u00f8der og aktiviteter\u00a0 2023<\/strong><\/p>\n<p>12\/1-23 Om brobygningsindsats for flere b\u00f8rn &amp; unge i foreninger afholdes i M\u00f8ns hallen<\/p>\n<p>08\/03-2023 Stege lokalr\u00e5d \u00e5rlig generalforsamling Kl. 19-21<\/p>\n<p>Maj 2023, M\u00f8de i Stege havn vedr. fremtidsplaner for havneomr\u00e5det<\/p>\n<p>01\/04-23 Vi deltager i Stege med affaldsindsamling i forbindelse med \"ren by\"<\/p>\n<p>Maj 23,\u00a0 Infom\u00f8de hos politiet i Vordingborg Stege Lokalr\u00e5d deltager<\/p>\n<p>August 23, Folkem\u00f8de M\u00f8n, her deltager vi p\u00e5 f\u00e6lles stand med andre lokaleforum<\/p>\n<p><span style=\"font-size: 18px; font-family: 'Source Sans Pro', sans-serif;\">September 23, Vi deltager i f\u00e6lles m\u00f8de sammen med andre lokalforum i Vordingborg. Det er vedtaget af disse m\u00f8der g\u00e5r p\u00e5 skift og afholdes fremadrettet ca. hver 2. m\u00e5ned.\u00a0<\/span><\/p>\n<p><span style=\"font-size: 18px; font-family: 'Source Sans Pro', sans-serif;\">Oktober 23, Kultur og fritidsudvalgsm\u00f8de deltager i dette f\u00e6llesm\u00f8de<\/span><\/p>\n<p>20. November 23, Stege Lokalforum faciliterer Politiker m\u00f8de \"Vores unge og deres fremtid\".<\/p>\n<p>30. November 23, Stege lokalforum afholder opstarts m\u00f8de om mulighed for Stege Disk Golf bane.<\/p>\n<p>30. November 23, vi deltager i workshop for lystb\u00e5dehavnene.<\/p>\n<p>22. december 23, Stege Lokalforum indsender et h\u00f8ringssvar vedr. de besparelser der er forsl\u00e5et i r\u00e5derumskataloget og som omhandler Stege.<\/p>\n<p><strong>M\u00f8der planlagt 2022<\/strong><\/p>\n<p>24\/1-22 Generalforsamling<\/p>\n<p>27\/1-22 Borgerm\u00f8de om Sukkerfabrikken ferieby<\/p>\n<p class=\"x_MsoNormal\">Ultimo marts: m\u00f8de m\/Kommunens besk\u00e6ftigelse &amp; uddannelse\u00b4s udvalget<\/p>\n<p class=\"x_MsoNormal\">28. marts: F\u00e6llesm\u00f8de p\u00e5 R\u00e5dhuset for kommunens Lokalfora<\/p>\n<p class=\"x_MsoNormal\">9. april: Vi deltager i Ren by i Stege<\/p>\n<p class=\"x_MsoNormal\">25.april: M\u00f8de m\/SSP &amp; politi om Trivselsambassad\u00f8rer<\/p>\n<p class=\"x_MsoNormal\">19-20 August: Folkem\u00f8de M\u00f8n (vi har en samlet stand for kommunens lokalfora v\/siden af kommunens stand)<\/p>\n<p>M\u00f8der 2021<\/p>\n<p>21\/4-21 M\u00f8de om M\u00f8lleporten<\/p>\n<p>19\/5-21 Borgerm\u00f8de Moena M\u00f8nshallerne<\/p>\n<p><span style=\"font-family: 'Source Sans Pro', sans-serif; font-size: 18px;\">24\/6-21 Generalforsamling<\/span><\/p>\n\t\t\t\t\t\n\t\t\t\t\t\t\t\t\t<\/div>\n\t\t\t\t\t\t\t\t\n\t\t\t\t\t\t\t<\/div>\n\n\t\t\t\t\t\t\t\t<div\n\t\t\t\tclass=\"sow-features-feature sow-icon-container-position-top sow-features-feature-last-row\"\n\t\t\t\tstyle=\"display: flex; flex-direction: column; width: 33.333%;\"\n\t\t\t>\n\t\t\t\t\t\t\t<div class=\"sow-features-feature-right-left-container\" style=\"display: flex; flex-direction: inherit;\">\n\t\t\t\n\t\t\t\t\t\t\t\t<div\n\t\t\t\t\tclass=\"sow-icon-container sow-container-sticker\"\n\t\t\t\t\tstyle=\"color: #dd7968; \"\n\t\t\t\t\t>\n\t\t\t\t\t<span class=\"sow-icon-fontawesome sow-far\" data-sow-icon=\"&#xf073;\"\n\t\tstyle=\"font-size: 70px; color: #FFFFFF\" \n\t\taria-hidden=\"true\"><\/span>\t\t\t\t<\/div>\n\t\t\t\t\n\t\t\t\t<div class=\"textwidget\">\n\t\t\t\t\t\t\t\t\t\t\t<div class=\"sow-features-feature-content\">\n\t\t\t\t\t\n\t\t\t\t\t\t\t\t\t\t\t<h5>\n\t\t\t\t\t\t\t\n\t\t\t\t\t\t\tAndre vigtige datoer\t\t\t\t\t\t\t\t\t\t\t\t\t<\/h5>\n\t\t\t\t\t\n\t\t\t\t\t\t\t\t\t\t\t<p>&nbsp;<\/p>\n<p><strong>F\u00e5 del i borgerbudgetterne <\/strong><\/p>\n<p><strong>Send din ans\u00f8gning via Stegelokalforum4780@gmail.com inden 1. juni 2026<\/strong><\/p>\n<p>P\u00e5 et m\u00f8de i starten af \u00e5ret kunne Stege Lokalforum sammen med de fremm\u00f8dte borgere prioritere de p\u00e5 det tidspunkt fremsendte ans\u00f8gninger til at f\u00e5 del i de i alt kr. 56.000 hvert lokalforum efter ans\u00f8gning var blevet tildelt af Vordingborg kommune.<\/p>\n<p>Flest stemmer fik et projekt fra Stege Disc Golf til indk\u00f8b af kurve til nogle af de baner man er ved at anl\u00e6gge i den byn\u00e6re skov i Stege og n\u00e6stflest stemmer fik Moena M\u00f8nshallerne til projekt \u201d\u00e5ben hal\u201d. Der tildeltes ogs\u00e5 midler til De S\u00f8ndre Byers Beboerforenings fejring af foreningens 25-\u00e5rige jubil\u00e6um og efter en s\u00e5kaldt screening i kommunen er de tre projekter godkendt og pengene udbetales snarest.<\/p>\n<p><strong>Stege Lokalforum har imidlertid stadig kr.13.000 til uddeling i \u00e5r<\/strong> og nu har du\/I mulighed for at f\u00e5 penge til et projekt. Alt du\/I skal g\u00f8re er at sende os nogle f\u00e5 linjer om dit projekt s\u00e5 hurtigt som muligt \u2013 herefter f\u00e5r du\/I tilsendt et <strong>ans\u00f8gningsskema, som skal afleveres til os senest d. 1. juni 2026.<\/strong> Vi kigger projekterne igennem, prioriterer og sender dem til screening hos kommunen, som blot skal konstatere om projekterne lever op til lovgivningen. G\u00f8r de det, kommer pengene til udbetalt.<\/p>\n<p>&nbsp;<\/p>\n<p><strong>Rift om del i borgerbudgetter !\u00a0 <\/strong><strong style=\"font-size: 18px;\">M\u00f8de afholdt den 19. januar 2026 - se resultat under Borgerbudget 2026<\/strong><\/p>\n<p><strong>Aktivitetetr2025<\/strong><\/p>\n<p><strong>December 2025\u00a0 -<span style=\"font-family: 'Source Sans Pro', sans-serif; font-size: 18px;\">\u00a0<\/span><span style=\"font-family: 'Source Sans Pro', sans-serif; font-size: 18px;\">hvert lokalforum har efter ans\u00f8gning f\u00e5et <\/span><span style=\"font-size: 18px; font-family: 'Source Sans Pro', sans-serif;\">tildelt <\/span><span style=\"font-size: 18px; font-family: 'Source Sans Pro', sans-serif;\"> 56.000 kr. af Vordingborg kommune til Borgerbudget.\u00a0<\/span><\/strong><\/p>\n<p class=\"x_MsoNormal\">5. april 2025 Tilflytterarrangement kl. 13.00 - 15.30, Pavillon K, Vordingborg<\/p>\n<p>8. maj 2025 Idr\u00e6tsprisoverr\u00e6kkelse i DGI-huset, Vordingborg - kr\u00e6ver tilmelding til Vordingborg\u00a0 \u00a0 \u00a0 \u00a0 Kommune<\/p>\n<p>22. august 2025 Folkem\u00f8de M\u00f8n, Ungefolkem\u00f8de\u00a0 i Stege<\/p>\n<p>23. august 2025 Folkem\u00f8de M\u00f8n\u00a0 i Stege<\/p>\n<p><strong>Aktiviteter 2024<\/strong><\/p>\n<p>Stege Lokalforum deltager i Folkem\u00f8det M\u00f8n den 23. og 24. august 2024<\/p>\n<p>Team: Livet tilbage i havet \/ \u00d8sters\u00f8en \/ Vi er alle en del af `Danmarks l\u00e6ngste kystlinje`<\/p>\n<p>Stege Lokalforum vil have en stand f\u00e6lles med Lokalfora fra Vordingborg Kommune, der hver vil pr\u00e6sentere, hvad der r\u00f8rer sig og arbejdes med ude i de forskellige lokalfora i kommunen. Standen er placeret i forl\u00e6ngelses af Vordingborg Kommunes Stand og i forbindelse med M\u00f8n Unesco Biosf\u00e6re.<\/p>\n<p>&nbsp;<\/p>\n<p class=\"x_m6935806329651340099ydpa28f67c1yiv0452110562msonormal\"><b>Vordingborg Kommune\u00b4s 10 lokalfora inviterer til: Dialogm\u00f8de med politikere<\/b><\/p>\n<p class=\"x_m6935806329651340099ydpa28f67c1yiv0452110562msonormal\">Torsdag d. 23. maj kl. 19-21<\/p>\n<p class=\"x_m6935806329651340099ydpa28f67c1yiv0452110562msonormal\">I \u201dDen gule Stald\u201d p\u00e5 Kalvehave Havn<\/p>\n<p class=\"x_m6935806329651340099ydpa28f67c1yiv0452110562msonormal\">Lokalfora er v\u00e6rt ved kaffe\/te &amp; kage<\/p>\n<p class=\"x_m6935806329651340099ydpa28f67c1yiv0452110562msonormal\">Emnet er:\u00a0<b><u>N\u00e6rdemokrati - hvordan f\u00e5r vi det til at fungere endnu bedre?<\/u><\/b><b><\/b><\/p>\n<p class=\"x_m6935806329651340099ydpa28f67c1yiv0452110562msonormal\" style=\"text-align: left;\">\u00a0 \u00a0 - opl\u00e6g fra Lokalfora, - kommunikation med det politiske lag.<\/p>\n<p class=\"x_m6935806329651340099ydpa28f67c1yiv0452110562msonormal\" style=\"text-align: left;\">\u00a0 \u00a0 - opl\u00e6g fra politikere, - ambition for Lokalfora.<\/p>\n<p class=\"x_m6935806329651340099ydpa28f67c1yiv0452110562msonormal\" style=\"text-align: left;\">\u00a0 \u00a0 - Gruppedr\u00f8ftelse<\/p>\n<p class=\"x_m6935806329651340099ydpa28f67c1yiv0452110562msonormal\" style=\"text-align: left;\">\u00a0 \u00a0 - Plenumdr\u00f8ftelse &amp; opsamling, - her skal vi gerne v\u00e6re blevet meget klogere p\u00e5 tankerne omkring N\u00e6rdemokratimodellen.<\/p>\n<p class=\"x_MsoNormal\" style=\"text-align: left;\">Alle er velkomne!<\/p>\n<p class=\"x_MsoNormal\" style=\"text-align: left;\">P\u00e5 gensyn<\/p>\n<p>__________________________<\/p>\n<p>For etablere Stege Disc Golf Klub indkaldes hermed til stiftende generalforsamling:<\/p>\n<p>Mandag den 22. januar 2024 kl. 19.00 p\u00e5 Stege Gl. R\u00e5dhus, Storegade 39, Stege.<\/p>\n<p>Dagsordenen for generalforsamlingen er: Se under Projekter - Vores Projekter og Stege Disc Golf Bane<\/p>\n<p>___________________________<\/p>\n<p>29. november 2023 til den 5. januar 2024<\/p>\n<p>Stege Lokalforum har indsendt et h\u00f8ringssvar vedr. forsl\u00e5et besparelser der vedr\u00f8rer Stege. Herunder forslaget om lukning af borgerservice, biblioteket, Stege museum fjernelse af st\u00f8tte til biografen og turist Information.<\/p>\n<p class=\"x_MsoNormal\">Stege Lokalforum vil g\u00f8re opm\u00e6rksomme p\u00e5, at alle borger er h\u00f8ringsberettiget i forhold til r\u00e5derumskataloget fra BDO.<\/p>\n<p class=\"x_MsoNormal\">Kataloget bygger p\u00e5 en r\u00e5derumsanalyse af kommunens drift, og det pr\u00e6senterer forslag til besparelser, der skal prioriteres politisk.<\/p>\n<p class=\"x_MsoNormal\">H\u00f8ringsperioden varer fra den 29. november 2023 til den 5. januar 2024.<\/p>\n<p class=\"x_MsoNormal\">Bem\u00e6rkninger kan i perioden sendes til:\u00a0<a href=\"mailto:budget@vordingborg.dk\" data-linkindex=\"0\">budget@vordingborg.dk<\/a>.<\/p>\n<p class=\"x_MsoNormal\">I kan l\u00e6se mere og se kataloget p\u00e5 f\u00f8lgende link:\u00a0<a href=\"https:\/\/www.vordingborg.dk\/h%C3%B8ring\/\" target=\"_blank\" rel=\"noopener noreferrer\" data-auth=\"NotApplicable\" data-linkindex=\"1\">https:\/\/www.vordingborg.dk\/h%C3%B8ring\/<\/a><\/p>\n<p>---------------------------------------------------------------------<\/p>\n<p>Torsdag den 30. november 2023 kl. 19.00<\/p>\n<p>Stege Skov er oplagt til ogs\u00e5 at indeholde en Disk Golf Bane<\/p>\n<p>* t\u00e6t p\u00e5 By * t\u00e6t p\u00e5 Skole * t\u00e6t p\u00e5 Hallerne * helt ude i Naturen<\/p>\n<p>&nbsp;<\/p>\n<p>Kunne du t\u00e6nke dig at v\u00e6re med i en gruppe, der vil arbejde for at etablere Stege Disk Golf Bane.<\/p>\n<p>-eller vil du bare gerne h\u00f8re lidt om et af initiativerne fra Stege Lokal Forum.<\/p>\n<p>Torsdag den 30. november 2023 kl. 19.00 p\u00e5 Det Gamle R\u00e5dhus i Stege<\/p>\n<p>&nbsp;<\/p>\n<p>***************************************<\/p>\n<p>&nbsp;<\/p>\n<p>Inviterer Stege Lokalforum til m\u00f8de for at fort\u00e6lle om:<\/p>\n<p>\u00b7 det initiativ, der er taget<\/p>\n<p>\u00b7 tage imod ideer, gode r\u00e5d og tanker fra jer<\/p>\n<p>\u00b7 neds\u00e6tte en gruppe, der vil danne en bestyrelse til det videre arbejde<\/p>\n<p>Har du brug for flere oplysninger f\u00f8r eller efter m\u00f8det, s\u00e5 skriv til Jeanett Falkenstr\u00f8m p\u00e5 jeanettfalken@gmail.com eller Michael Ballegaard ballegaardsoeland@gmail.com<\/p>\n\t\t\t\t\t\n\t\t\t\t\t\t\t\t\t\t\t<\/div>\n\t\t\t\t\t\t<p class=\"sow-more-text\">\n\t\t\t\t\t\t\t\t\t\t\t\t\t\t   \t\t\t\t\t\t\t\t\t\t\t\t\t<\/p>\n\t\t\t\t\t\t\t\t\t<\/div>\n\t\t\t\t\t\t\t\t\t<\/div>\n\t\t\t\t\t\t\t\t\n\t\t\t\t\t\t\t<\/div>\n\n\t\t\t\n<\/div>\n<\/div><\/div><\/div><\/div><\/div><\/div><p>Hits: 1267<\/p>","protected":false},"excerpt":{"rendered":"<p>Vigtige datoer Kommende bestyrelsesm\u00f8der Der afholdes bestyrelsesm\u00f8de ca. en gang om m\u00e5neden. Vi m\u00f8des ca. hver 3. m\u00e5ned med de andre lokalfora fra Vordingborg. Deltager i m\u00f8der med politikerne. Der er afholdt generalforsamling i \u201dStege Lokalforum\u201d, mandag d. 9. marts 2026 kl. 19-21 p\u00e5 Det gamle R\u00e5dhus p\u00e5 Torvet i Stege. Se referat &#8220;om Stege&hellip; <br \/> <a class=\"button small blue\" href=\"https:\/\/www.stegelokalforum.dk\/index.php\/kalender\/\">L\u00e6s mere<\/a><\/p>\n<div class=\"pvc_clear\"><\/div>\n<p id=\"pvc_stats_1095\" class=\"pvc_stats all  \" data-element-id=\"1095\" style=\"\"><i class=\"pvc-stats-icon medium\" aria-hidden=\"true\"><svg aria-hidden=\"true\" focusable=\"false\" data-prefix=\"far\" data-icon=\"chart-bar\" role=\"img\" xmlns=\"http:\/\/www.w3.org\/2000\/svg\" viewBox=\"0 0 512 512\" class=\"svg-inline--fa fa-chart-bar fa-w-16 fa-2x\"><path fill=\"currentColor\" d=\"M396.8 352h22.4c6.4 0 12.8-6.4 12.8-12.8V108.8c0-6.4-6.4-12.8-12.8-12.8h-22.4c-6.4 0-12.8 6.4-12.8 12.8v230.4c0 6.4 6.4 12.8 12.8 12.8zm-192 0h22.4c6.4 0 12.8-6.4 12.8-12.8V140.8c0-6.4-6.4-12.8-12.8-12.8h-22.4c-6.4 0-12.8 6.4-12.8 12.8v198.4c0 6.4 6.4 12.8 12.8 12.8zm96 0h22.4c6.4 0 12.8-6.4 12.8-12.8V204.8c0-6.4-6.4-12.8-12.8-12.8h-22.4c-6.4 0-12.8 6.4-12.8 12.8v134.4c0 6.4 6.4 12.8 12.8 12.8zM496 400H48V80c0-8.84-7.16-16-16-16H16C7.16 64 0 71.16 0 80v336c0 17.67 14.33 32 32 32h464c8.84 0 16-7.16 16-16v-16c0-8.84-7.16-16-16-16zm-387.2-48h22.4c6.4 0 12.8-6.4 12.8-12.8v-70.4c0-6.4-6.4-12.8-12.8-12.8h-22.4c-6.4 0-12.8 6.4-12.8 12.8v70.4c0 6.4 6.4 12.8 12.8 12.8z\" class=\"\"><\/path><\/svg><\/i> <img loading=\"lazy\" decoding=\"async\" width=\"16\" height=\"16\" alt=\"Loading\" src=\"https:\/\/www.stegelokalforum.dk\/wp-content\/plugins\/page-views-count\/ajax-loader-2x.gif\" border=0 \/><\/p>\n<div class=\"pvc_clear\"><\/div>\n","protected":false},"author":5,"featured_media":0,"parent":0,"menu_order":4,"comment_status":"closed","ping_status":"closed","template":"","meta":{"footnotes":""},"_links":{"self":[{"href":"https:\/\/www.stegelokalforum.dk\/index.php\/wp-json\/wp\/v2\/pages\/1095"}],"collection":[{"href":"https:\/\/www.stegelokalforum.dk\/index.php\/wp-json\/wp\/v2\/pages"}],"about":[{"href":"https:\/\/www.stegelokalforum.dk\/index.php\/wp-json\/wp\/v2\/types\/page"}],"author":[{"embeddable":true,"href":"https:\/\/www.stegelokalforum.dk\/index.php\/wp-json\/wp\/v2\/users\/5"}],"replies":[{"embeddable":true,"href":"https:\/\/www.stegelokalforum.dk\/index.php\/wp-json\/wp\/v2\/comments?post=1095"}],"version-history":[{"count":76,"href":"https:\/\/www.stegelokalforum.dk\/index.php\/wp-json\/wp\/v2\/pages\/1095\/revisions"}],"predecessor-version":[{"id":1581,"href":"https:\/\/www.stegelokalforum.dk\/index.php\/wp-json\/wp\/v2\/pages\/1095\/revisions\/1581"}],"wp:attachment":[{"href":"https:\/\/www.stegelokalforum.dk\/index.php\/wp-json\/wp\/v2\/media?parent=1095"}],"curies":[{"name":"wp","href":"https:\/\/api.w.org\/{rel}","templated":true}]}}