{"id":935,"date":"2021-03-04T19:56:34","date_gmt":"2021-03-04T19:56:34","guid":{"rendered":"http:\/\/www.stegelokalforum.dk\/?page_id=935"},"modified":"2023-11-12T18:32:20","modified_gmt":"2023-11-12T18:32:20","slug":"cykelstier","status":"publish","type":"page","link":"http:\/\/www.stegelokalforum.dk\/index.php\/projekter\/andre-projekter\/cykelstier\/","title":{"rendered":"Cykelstier"},"content":{"rendered":"<div id=\"pl-935\"  class=\"panel-layout\" ><div id=\"pg-935-0\"  class=\"panel-grid panel-no-style\" ><div id=\"pgc-935-0-0\"  class=\"panel-grid-cell\" ><div id=\"panel-935-0-0-0\" class=\"so-panel widget widget_sow-editor panel-first-child\" data-index=\"0\" ><div\n\t\t\t\n\t\t\tclass=\"so-widget-sow-editor so-widget-sow-editor-base\"\n\t\t\t\n\t\t><h3 class=\"widget-title\">HURRA!<\/h3>\n<div class=\"siteorigin-widget-tinymce textwidget\">\n\t<\/div>\n<\/div><\/div><div id=\"panel-935-0-0-1\" class=\"so-panel widget widget_sow-editor panel-last-child\" data-index=\"1\" ><div\n\t\t\t\n\t\t\tclass=\"so-widget-sow-editor so-widget-sow-editor-base\"\n\t\t\t\n\t\t>\n<div class=\"siteorigin-widget-tinymce textwidget\">\n\t<p>Nu vil der ogs\u00e5 blive anlagt cyklestien mellem Langeb\u00e6k og Gl. Kalvehave !<\/p>\n<p>Der er nu bevilget midler til at anl\u00e6gge cykelstier fra De Hvide Sten til lendemarke. Stege Lokalforum har naturligvis deltaget i m\u00f8der og h\u00f8ringer undervejs i forl\u00f8bet. Nu gl\u00e6der vi os til at se cykelstierne vokse frem, og vi vil fortsat deltage i arbejdet for at der ogs\u00e5 anl\u00e6gges cykelstier mellem Langeb\u00e6k og Gl Kalvehave.<\/p>\n<p>Det arbejdes der med 2022 - 2023<\/p>\n<p>Borgergruppen \u201dFlere cykelstier NU\u201d har de sidste par \u00e5r arbejdet intenst p\u00e5 at f\u00e5 etableret cykelstier mellem henholdsvis Lendemark og Vigen p\u00e5 M\u00f8n samt p\u00e5 str\u00e6kningen mellem Langeb\u00e6k og Gl. Kalvehave og mens f\u00f8rstn\u00e6vnte cykelstiprojekt er igangsat og forventes afsluttet efter\u00e5ret 2023, har det knebet noget mere at f\u00e5 sidstn\u00e6vnte str\u00e6kning - kaldet \u201dde manglende 2200 meter\u201d - p\u00e5 tegnebr\u00e6ttet.<\/p>\n<p>&nbsp;<\/p>\n<p>Det ser dog nu ud til at det er lykkedes for gruppen at f\u00e5 str\u00e6kningen med i Vejdirektoratets planl\u00e6gning af kommende cykelstiprojekter, idet der nu er etableret en t\u00e6t kontakt til en ingeni\u00f8r p\u00e5 Vejdirektoratets kontor i N\u00e6stved og via hende er man er i fuld gang med projektering samt i sidste fase af udarbejdelse af anl\u00e6gsoverslag.<\/p>\n<p>Da cykelstigruppen oprindelig havde planlagt at arrangere en cykelgudstjeneste i Kalvehave kirke i dette for\u00e5r for yderligere at s\u00e6tte fokus p\u00e5 \u201dde manglende 2200 meter\u201d, har man i stedet aftalt med ingeni\u00f8r Natasja Linke Funch fra Vejdirektoratet, at hun onsdag d. 1. marts i tidsrummet 17-19 vil pr\u00e6sentere det udarbejdede skitseprojekt.<\/p>\n<p>Arrangementet er planlagt i samarbejde med menighedsr\u00e5det og gruppen h\u00e5ber p\u00e5 at mange vil m\u00f8de op og dermed vise deres opbakning til projektet \u2013 efter ferml\u00e6ggelsen vil der v\u00e6re mulighed for at stille sp\u00f8rgsm\u00e5l. Natascha Linke Funch udtaler f\u00f8lgende:<\/p>\n<p>For at forbedre forholdene for cyklister p\u00e5 rute 59 har Vejdirektoratet udarbejdet et skitseprojekt med etablering af cykelsti fra Langeb\u00e6k til Gl. Kalvehave. Etablering af cykelsti skal sikre forbindelse imellem de nuv\u00e6rende cykelstier p\u00e5 rute 59 samt forbedre trafiksikkerheden og trygheden for cyklister der f\u00e6rdes p\u00e5 den fremtidige rute. Skitseprojektet ligger til grund for en kommende politisk behandling i den statslige cykelpulje i 2023.<\/p>\n<p>&nbsp;<\/p>\n<\/div>\n<\/div><\/div><\/div><\/div><\/div><p>Hits: 820<\/p>","protected":false},"excerpt":{"rendered":"<p>Nu vil der ogs\u00e5 blive anlagt cyklestien mellem Langeb\u00e6k og Gl. Kalvehave ! Der er nu bevilget midler til at anl\u00e6gge cykelstier fra De Hvide Sten til lendemarke. Stege Lokalforum har naturligvis deltaget i m\u00f8der og h\u00f8ringer undervejs i forl\u00f8bet. Nu gl\u00e6der vi os til at se cykelstierne vokse frem, og vi vil fortsat deltage&hellip; <br \/> <a class=\"button small blue\" href=\"http:\/\/www.stegelokalforum.dk\/index.php\/projekter\/andre-projekter\/cykelstier\/\">L\u00e6s mere<\/a><\/p>\n<div class=\"pvc_clear\"><\/div>\n<p id=\"pvc_stats_935\" class=\"pvc_stats all  \" data-element-id=\"935\" style=\"\"><i class=\"pvc-stats-icon medium\" aria-hidden=\"true\"><svg aria-hidden=\"true\" focusable=\"false\" data-prefix=\"far\" data-icon=\"chart-bar\" role=\"img\" xmlns=\"http:\/\/www.w3.org\/2000\/svg\" viewBox=\"0 0 512 512\" class=\"svg-inline--fa fa-chart-bar fa-w-16 fa-2x\"><path fill=\"currentColor\" d=\"M396.8 352h22.4c6.4 0 12.8-6.4 12.8-12.8V108.8c0-6.4-6.4-12.8-12.8-12.8h-22.4c-6.4 0-12.8 6.4-12.8 12.8v230.4c0 6.4 6.4 12.8 12.8 12.8zm-192 0h22.4c6.4 0 12.8-6.4 12.8-12.8V140.8c0-6.4-6.4-12.8-12.8-12.8h-22.4c-6.4 0-12.8 6.4-12.8 12.8v198.4c0 6.4 6.4 12.8 12.8 12.8zm96 0h22.4c6.4 0 12.8-6.4 12.8-12.8V204.8c0-6.4-6.4-12.8-12.8-12.8h-22.4c-6.4 0-12.8 6.4-12.8 12.8v134.4c0 6.4 6.4 12.8 12.8 12.8zM496 400H48V80c0-8.84-7.16-16-16-16H16C7.16 64 0 71.16 0 80v336c0 17.67 14.33 32 32 32h464c8.84 0 16-7.16 16-16v-16c0-8.84-7.16-16-16-16zm-387.2-48h22.4c6.4 0 12.8-6.4 12.8-12.8v-70.4c0-6.4-6.4-12.8-12.8-12.8h-22.4c-6.4 0-12.8 6.4-12.8 12.8v70.4c0 6.4 6.4 12.8 12.8 12.8z\" class=\"\"><\/path><\/svg><\/i> <img loading=\"lazy\" decoding=\"async\" width=\"16\" height=\"16\" alt=\"Loading\" src=\"http:\/\/www.stegelokalforum.dk\/wp-content\/plugins\/page-views-count\/ajax-loader-2x.gif\" border=0 \/><\/p>\n<div class=\"pvc_clear\"><\/div>\n","protected":false},"author":5,"featured_media":0,"parent":159,"menu_order":0,"comment_status":"closed","ping_status":"closed","template":"","meta":{"footnotes":""},"_links":{"self":[{"href":"http:\/\/www.stegelokalforum.dk\/index.php\/wp-json\/wp\/v2\/pages\/935"}],"collection":[{"href":"http:\/\/www.stegelokalforum.dk\/index.php\/wp-json\/wp\/v2\/pages"}],"about":[{"href":"http:\/\/www.stegelokalforum.dk\/index.php\/wp-json\/wp\/v2\/types\/page"}],"author":[{"embeddable":true,"href":"http:\/\/www.stegelokalforum.dk\/index.php\/wp-json\/wp\/v2\/users\/5"}],"replies":[{"embeddable":true,"href":"http:\/\/www.stegelokalforum.dk\/index.php\/wp-json\/wp\/v2\/comments?post=935"}],"version-history":[{"count":8,"href":"http:\/\/www.stegelokalforum.dk\/index.php\/wp-json\/wp\/v2\/pages\/935\/revisions"}],"predecessor-version":[{"id":1296,"href":"http:\/\/www.stegelokalforum.dk\/index.php\/wp-json\/wp\/v2\/pages\/935\/revisions\/1296"}],"up":[{"embeddable":true,"href":"http:\/\/www.stegelokalforum.dk\/index.php\/wp-json\/wp\/v2\/pages\/159"}],"wp:attachment":[{"href":"http:\/\/www.stegelokalforum.dk\/index.php\/wp-json\/wp\/v2\/media?parent=935"}],"curies":[{"name":"wp","href":"https:\/\/api.w.org\/{rel}","templated":true}]}}