{"id":68,"date":"2021-01-14T12:59:53","date_gmt":"2021-01-14T12:59:53","guid":{"rendered":"http:\/\/www.stegelokalforum.dk\/?page_id=68"},"modified":"2026-05-01T16:20:43","modified_gmt":"2026-05-01T16:20:43","slug":"dagsordner","status":"publish","type":"page","link":"http:\/\/www.stegelokalforum.dk\/index.php\/stege-lokalforum\/dagsordner\/dagsordner\/","title":{"rendered":"Referater"},"content":{"rendered":"<p class=\"x_MsoNormal\" data-olk-copy-source=\"MessageBody\"><strong>Stege Lokalforum<\/strong><\/p>\n<p data-olk-copy-source=\"MessageBody\">\n<p data-olk-copy-source=\"MessageBody\"><strong>Referat af m\u00f8de den 2\/12-2025<\/strong><\/p>\n<p class=\"x_xmsolistparagraph\"><span data-olk-copy-source=\"MessageBody\">1.\u00a0\u00a0\u00a0\u00a0\u00a0\u00a0\u00a0<\/span><b><u>Borgerbudgetter<\/u><\/b><\/p>\n<p class=\"x_xmsonormal\">Der er afholdt\u00a0 netv\u00e6rksm\u00f8de <b>25\/11<\/b>, hvor flertallet besluttede at dele puljen p\u00e5 kr. 500.000,- ligeligt imellem de, af de 10 aktive lokalforum, der gerne vil v\u00e6re med.<\/p>\n<p class=\"x_xmsonormal\">Senest <b>5\/12<\/b> skal det tilkendegive over for kommunens administration at vi \u00f8nsker del i Borgerbudgettet.<\/p>\n<p class=\"x_xmsonormal\">Administrationen &amp; Center for Kultur, Fritid &amp; udvikling vender tilbage til lokalfora\u00a0<b>10\/12<\/b>\u00a0m\/st\u00f8rrelse p\u00e5 de respektive summer til lokalfora iht. beslutning p\u00e5 m\u00f8de 25\/11.<\/p>\n<p class=\"x_xmsonormal\">Vi vil i SLF bruge borgerbudget til synligg\u00f8relse af Stege Lokalforum v\/at inddrage borgerne i beslutninger om anvendelse af midlerne.<\/p>\n<p class=\"x_xmsonormal\">Herunder evt. Vandrefestival: vi skal have Ungdomshuset med hvis vi g\u00e5r videre af den vej.<\/p>\n<p class=\"x_xmsonormal\">\u201dVi vil s\u00e6rligt have fokus p\u00e5 projekter for unge\u201d.<\/p>\n<p class=\"x_xmsonormal\">Vi melder ud allerede inden jul, at vi nu har del i borgerbudgetter: hjemmeside &amp; facebook.<\/p>\n<p class=\"x_xmsonormal\">Der arbejdes med informationen og udbredelsen her i december.<\/p>\n<p class=\"x_xmsonormal\">I januar indkalder vi til 1. borgerm\u00f8de og idegenerering tirsdag d. 20\/1.\u00a0 Det er her vi forklarer den demokratiske udv\u00e6lgelsesproces.<\/p>\n<p class=\"x_xmsonormal\">Forslag fremsendes m\/deadline d. 20\/2 -2026<\/p>\n<ol start=\"2\" type=\"1\">\n<li class=\"x_xmsonormal\">borgerm\u00f8de er s\u00e5 mandag d. 23\/2. Her skal projekterne freml\u00e6gges og afstemning foretages.<\/li>\n<\/ol>\n<p class=\"x_xmsonormal\">Vi bruger Jungshovedmodellen.<\/p>\n<p class=\"x_xmsonormal\">Stege Lokalforum f\u00f8lger projekterne hele vejen.<\/p>\n<p class=\"x_xmsolistparagraph\">2.\u00a0\u00a0\u00a0\u00a0\u00a0\u00a0\u00a0L<b><u>egeplads v\/M\u00f8nshallerne\u00a0<\/u><\/b><\/p>\n<p class=\"x_xmsolistparagraph\">Kaffem\u00f8de om legepladser. \u00d8nsket er en sikker og sp\u00e6ndende legeplads i Stege By.<\/p>\n<p class=\"x_xmsolistparagraph\">Der er samlet en gruppe af aktive h\u00e5ndv\u00e6rkere som gerne vil arbejde med projektet.<\/p>\n<p class=\"x_xmsolistparagraph\">Vi l\u00e6gger op til et m\u00f8de i januar med gruppen.<\/p>\n<p class=\"x_xmsolistparagraph\">Gode ord: \u201dSportslegeplads\u201d \/ tema-legepladser<\/p>\n<p class=\"x_xmsolistparagraph\">3.\u00a0\u00a0\u00a0\u00a0\u00a0\u00a0\u00a0<b><u>Samarbejde med det ny byr\u00e5d<\/u><\/b><\/p>\n<p class=\"x_xmsonormal\">Pointer fra v\u00e6lgergm\u00f8det i M\u00f8nshallen, \u201dHvordan f\u00e5r vi Stege til at blomstre\u201d:<\/p>\n<p class=\"x_xmsonormal\">Der var desv\u00e6rre ikke meget k\u00f8d p\u00e5, &#8211; her har jeg indsat de 3 udsagn, som der i min optik er mest relevante; m\u00e5ske har I en anden mening??<\/p>\n<p class=\"x_xmsonormal\">V:\u00a0 Borgerforslag \/ inddragelse<\/p>\n<p class=\"x_xmsonormal\">SF:\u00a0 \u00d8konomien, &#8211; der skal prioriteres hvad der er vigtigst!<\/p>\n<p class=\"x_xmsonormal\">\u00c6:\u00a0 Kommunen b\u00f8r spare konsulenter men ans\u00e6tte en fondraiser.<\/p>\n<p class=\"x_xmsonormal\">Vi v\u00e6lger at lade det ligge og tager fat i det nye byr\u00e5d i 2026.<\/p>\n<ol start=\"4\" type=\"1\">\n<li class=\"x_xmsonormal\"><b>Trafik\u00a0<\/b><\/li>\n<\/ol>\n<p class=\"x_xmsonormal\">17\/12 opf\u00f8lgningsm\u00f8de 10-11.30 i Langeb\u00e6k.<\/p>\n<p class=\"x_xmsonormal\"><strong>\u00d8konomi:<\/strong><\/p>\n<p class=\"x_xmsonormal\">Kasserer &amp; formand skal have adgang til kontoen. Jeanett g\u00f8r hvad der skal g\u00f8res.<\/p>\n<p>Andet:<\/p>\n<p>&nbsp;<\/p>\n<p>&nbsp;<\/p>\n<p class=\"x_MsoNormal\"><strong>Referat af m\u00f8de <span style=\"font-family: 'Source Sans Pro', sans-serif; font-size: 18px;\">19\/11 -2025<\/span><span style=\"font-size: 18px; font-family: 'Source Sans Pro', sans-serif;\">\u00a0<\/span><\/strong><\/p>\n<ol start=\"1\" type=\"1\">\n<li class=\"x_MsoListParagraph\"><b><u>Borgerbudgetter, &#8211; se mail fra Jungshoved\u00a0<\/u><\/b><\/li>\n<\/ol>\n<p class=\"x_MsoNormal\">Som udgangspunkt: vi vil have del i Borgerbudgetterne og vi vil bruge en model som Jungshoved har brugt.<\/p>\n<p class=\"x_MsoNormal\">Vi vil bruge borgerbudgetter til synligg\u00f8relse af Stege Lokalforum v\/at inddrage borgerne i beslutninger om anvendelse af midlerne.<\/p>\n<p class=\"x_MsoNormal\">Vandrefestival: vi skal have Ungdomshuset med hvis vi g\u00e5r videre af den vej.<\/p>\n<ol start=\"2\" type=\"1\">\n<li class=\"x_MsoListParagraph\">L<b><u>egeplads v\/M\u00f8nshallerne\u00a0 (se ogs\u00e5 IV\u00b4s mail a 12\/11)<\/u><\/b><\/li>\n<\/ol>\n<p class=\"x_MsoNormal\">Vi planl\u00e6gger et m\u00f8de\u00a0 i januar 2026 for at afd\u00e6kke behov, muligheder og \u00f8konomi. Der er flere pladser i forslag.<\/p>\n<ol start=\"3\" type=\"1\">\n<li class=\"x_MsoListParagraph\"><b><u>Foreningsportalens \u00e5rsm\u00f8de p\u00e5 mandag, &#8211; hvem deltager<\/u><\/b><\/li>\n<\/ol>\n<p class=\"x_MsoNormal\">Vi deltager ikke.<\/p>\n<ol start=\"4\" type=\"1\">\n<li class=\"x_MsoListParagraph\"><b><u>R\u00e5det for Frivillighed &amp; Folkeoplysning,<\/u><\/b><\/li>\n<\/ol>\n<p class=\"x_MsoNormal\">Opstillingsperioden er slut<\/p>\n<ol start=\"5\" type=\"1\">\n<li class=\"x_MsoListParagraph\"><b><u>Evaluering af v\u00e6lgerm\u00f8de 21\/10 \u2013 se udskrift af plancher.<\/u><\/b><\/li>\n<\/ol>\n<p class=\"x_MsoNormal\">Evaluering af de ting vi skal bruge og hvad vi vil med de udsagn der kom p\u00e5 bordet er under udarbejdelse.<\/p>\n<ol start=\"6\" type=\"1\">\n<li class=\"x_MsoListParagraph\"><b><u>Empireg\u00e5rden:<\/u><\/b><\/li>\n<\/ol>\n<p class=\"x_MsoNormal\">Sagen er i langsom proces men positivt iflg. Fonden for Bygningsfornyelse.<\/p>\n<ol start=\"7\" type=\"1\">\n<li class=\"x_MsoListParagraph\"><b><u>Folkem\u00f8de:<\/u><\/b><\/li>\n<\/ol>\n<p class=\"x_MsoNormal\"><b>Krista<\/b>\u00a0kontakter Lena for at pr\u00e6sentere vores \u00f8nske om at v\u00e6re inde i kommunens telt<\/p>\n<ol start=\"8\" type=\"1\">\n<li class=\"x_MsoListParagraph\"><b><u>Julem\u00f8de<\/u><\/b><\/li>\n<\/ol>\n<p class=\"x_MsoNormal\">Tirsdag 2\/12 2025 kl. 17\u00a0 Dagsorden: dialog m\u00f8de, samarbejde med det ny byr\u00e5d, \u00e5bne m\u00f8der, borgerbudgetter.<\/p>\n<p class=\"x_MsoNormal\"><b><u>Andre emner??<\/u><\/b><\/p>\n<p class=\"x_MsoNormal\">\u00a0Referatet ligges p\u00e5 Hjemmesiden<\/p>\n<p style=\"text-align: left;\" data-olk-copy-source=\"MessageBody\">___<\/p>\n<p class=\"x_m-6300222181006692790msolistparagraph\"><strong>Referat fra m\u00f8de 1. september 2025<\/strong><\/p>\n<ol start=\"1\" type=\"1\">\n<li class=\"x_m-6300222181006692790msolistparagraph\" style=\"text-align: left;\">\u00a0Opf\u00f8lgning p\u00e5 dialog m\u00f8de i juni.<\/li>\n<\/ol>\n<p class=\"x_m-6300222181006692790msolistparagraph\" style=\"text-align: left;\">Empireg\u00e5rden , &#8211; Krista er i bestyrelsen i Lokalhistorisk Forening og f\u00f8lger op \/rundsender relevante referater.<\/p>\n<p class=\"x_m-6300222181006692790msolistparagraph\" style=\"text-align: left;\">Moena Park, &#8211; Jan &amp; Krista arbejder med Inge Vibeke. Jeanett: Legeplads kan evt. etableres m\/hj\u00e6lp fra Christian Skov &amp; andre sm\u00e5b\u00f8rnsfamilier.<\/p>\n<ol style=\"text-align: left;\" start=\"2\" type=\"1\">\n<li class=\"x_m-6300222181006692790msolistparagraph\">Jan &amp; Krista har v\u00e6ret til m\u00f8de med Inge Vibeke i M\u00f8nshallen. Dr\u00f8ftelse.<\/li>\n<\/ol>\n<p class=\"x_m-6300222181006692790msolistparagraph\" style=\"text-align: left;\">Jan har positivt svar fra KB og vi v\u00e6lger at indkalde til v\u00e6lgerm\u00f8de tirsdag d. 21\/10. Krista skriver straks til IV. Dagsorden til m\u00f8det skal fabrikeres NU. Indput til en s\u00e5dan sendes til Krista i indev\u00e6rende uge (36).<\/p>\n<p class=\"x_m-6300222181006692790msolistparagraph\" style=\"text-align: left;\">Faktaark til politikerne om problemets omfang produceres af Jan til fremsendelse til politikerne inden valgm\u00f8det. Herunder en sammenligning med vilk\u00e5r andre steder.<\/p>\n<ol style=\"text-align: left;\" start=\"3\" type=\"1\">\n<li class=\"x_m-6300222181006692790msolistparagraph\">Evaluering af Folkem\u00f8de M\u00f8n<\/li>\n<\/ol>\n<p class=\"x_m-6300222181006692790msolistparagraph\" style=\"text-align: left;\">12 plancher fra de unge om\u00a0<b>Vandrefestival\u00a0<\/b>i k\u00f8bst\u00e6derne er renskrevet.<\/p>\n<p class=\"x_m-6300222181006692790msolistparagraph\" style=\"text-align: left;\">\u00a0Krista fabrikerer en indledende forklaring og sender ud til samtlige lokalfora.<\/p>\n<p class=\"x_m-6300222181006692790msolistparagraph\" style=\"text-align: left;\">Vi har f\u00e5et et evalueringsskema fra FMM, som vi svarer p\u00e5.<\/p>\n<p class=\"x_m-6300222181006692790msolistparagraph\" style=\"text-align: left;\">Konsekvens af vores erfaringer er, at vi vil arbejde med \u201dGr\u00f8n Trepart\u201d i Lokalforum-regi.<\/p>\n<p class=\"x_m-6300222181006692790msolistparagraph\" style=\"text-align: left;\">Forslag til n\u00e6ste \u00e5r: at vi integrerer os i kommunens telt m\/talks m.v. Vi vil gerne inviteres p\u00e5 scenen og have aktiviteter og annonceres. Plancher, blomster,fotostater m\/relevante temaer. Vi pr\u00e6senterer det v\/Borgmesterm\u00f8det. S\u00e5: ingen s\u00e6rskilt stand til os p\u00e5 n\u00e6ste \u00e5rs Folkem\u00f8de M\u00f8n.<\/p>\n<p class=\"x_m-6300222181006692790msolistparagraph\" style=\"text-align: left;\">Liselund Rangers var i TV2-\u00d8st i fb. m\/FMM. Kan streames.<\/p>\n<ol style=\"text-align: left;\" start=\"4\" type=\"1\">\n<li class=\"x_m-6300222181006692790msolistparagraph\"><span lang=\"EN-US\">Vores email i Lis Dues system.\u00a0<\/span><\/li>\n<\/ol>\n<p class=\"x_m-6300222181006692790msolistparagraph\" style=\"text-align: left;\">Krista unders\u00f8ger hvordan vi opretter en foreningsmail. Sender alle mails til den og meddeler Lis at hun kan slette sin gmail.<\/p>\n<ol style=\"text-align: left;\" start=\"5\" type=\"1\">\n<li class=\"x_m-6300222181006692790msolistparagraph\"><span lang=\"EN-US\">N\u00e6ste m\u00f8de \u2013 hos hvem?<\/span><\/li>\n<\/ol>\n<p class=\"x_m-6300222181006692790msolistparagraph\" style=\"text-align: left;\"><span lang=\"EN-US\">Anette: 2\/10 kl. 18.<\/span><\/p>\n<p class=\"x_m-6300222181006692790msolistparagraph\" style=\"text-align: left;\">Dagsorden:<\/p>\n<p class=\"x_m-6300222181006692790msolistparagraph\" style=\"text-align: left;\">Jan &amp; Jeanett: opf\u00f8lgning p\u00e5 m\u00f8de 30\/9, samt legeplads v\/M\u00f8nshallen.<\/p>\n<p class=\"x_m-6300222181006692790msolistparagraph\" style=\"text-align: left;\">V\u00e6lgerm\u00f8de 21\/10<\/p>\n<p class=\"x_m-6300222181006692790msolistparagraph\" style=\"text-align: left;\">Krista: Empireg\u00e5rden<\/p>\n<p class=\"x_m-6300222181006692790msolistparagraph\" style=\"text-align: left;\">F\u00e6llesm\u00f8de<\/p>\n<p class=\"x_m-6300222181006692790msolistparagraph\" style=\"text-align: left;\">Vandrefestival<\/p>\n<p class=\"x_m-6300222181006692790msolistparagraph\" style=\"text-align: left;\">Borgmesterm\u00f8de<\/p>\n<p class=\"x_m-6300222181006692790msolistparagraph\" style=\"text-align: left;\">Velkomstcenter v\/Sukkerfabrikken<\/p>\n<ol style=\"text-align: left;\" start=\"6\" type=\"1\">\n<li class=\"x_m-6300222181006692790msolistparagraph\"><span lang=\"EN-US\">Eventuelt<\/span><\/li>\n<\/ol>\n<p class=\"x_m-6300222181006692790msolistparagraph\" style=\"text-align: left;\">Kalvehave har spurgt til et f\u00e6llesm\u00f8de. Krista s\u00e6tter i gang.<\/p>\n<p style=\"text-align: left;\">_______________________________________________________________<\/p>\n<p style=\"text-align: left;\">K\u00e6re Stege Lokalforum<\/p>\n<p style=\"text-align: left;\">Tak for et godt m\u00f8de i dag d. 15. august kl. 17-20!<\/p>\n<p style=\"text-align: left;\">Deltagere: Jeanett, Jan, Margit, Anette, Krista<\/p>\n<p style=\"text-align: left;\">Bvi savnede Katherina<\/p>\n<p>&nbsp;<\/p>\n<p>Her f\u00f8lger referat:<\/p>\n<p>1. Disc-golf-klubbens sponsor-arrangement.<\/p>\n<p>Vi v\u00e6lger at give en donation fra Stege Lokalforum: kr. 7.500,- Jan har samlet en gruppe af pensionerede skolefolk, som gerne vil hj\u00e6lpe foreningen med alt det praktiske i skoven.<\/p>\n<p>2. N\u00e6ste m\u00f8de:<\/p>\n<p>Mandag d.1. september kl. 18.30. Dagsorden: Opf\u00f8lgning p\u00e5 dialogm\u00f8de i juni. Planl\u00e6gning af dialogm\u00f8de for foreninger. Krista finder dem p\u00e5 Foreningsportalen. Og inviterer.<\/p>\n<p>3. Dialogm\u00f8detirsdag 30. september:<\/p>\n<p>Emne: Vilk\u00e5r for foreningsliv i forhold til faciliteter. Deling af faciliteter.<\/p>\n<p>Forberedelse: M\u00f8nshallernes hjemmeside, prislister, samarbejder. Jan &amp; Krista s\u00e6tter et m\u00f8de op med Inge Vibeke. Her snakker vi ogs\u00e5 om Moena-Park.<\/p>\n<p>Krista arrangerer m\u00f8det.<\/p>\n<p>Lis Due har oprettet vores gmail med sine egne data. Det skal \u00e6ndres nu, men vi skal have den samme adresse. Krista sp\u00f8rger Daniel Irvold om, hvordan man g\u00f8r det.<\/p>\n<p>&nbsp;<\/p>\n<p>4. Folkem\u00f8de M\u00f8n<\/p>\n<p>Krista bestiller 6 cafe-borde hos kommunen. + lydanl\u00e6g (Jeanett).<\/p>\n<p>Programmet skrives op p\u00e5 store stykker pap p\u00e5 dagen. Krista indk\u00f8ber pap, Jeanett har tusser.<\/p>\n<p>Flipover fra R\u00e5dhuset kommer ned (Krista).<\/p>\n<p>Duge til bordene (Krista).<\/p>\n<p>Glasbowler med hane og isvand i. Jeanett &amp; Krista<\/p>\n<p>Vi k\u00f8ber poser med isterninger og medbringer k\u00f8letasker m\/kuldeblokke. Anette<\/p>\n<p>Anette har klapstole med<\/p>\n<p>Jeanett har klapborde med<\/p>\n<p>Krista har barstole med til debatt\u00f8rerne<\/p>\n<p>Krista henter grene v\/bassinnerne og har spande med.<\/p>\n<p>&nbsp;<\/p>\n<p>Hele vores program l\u00e6gges op p\u00e5 Facebook. Og deles. Alle<\/p>\n<p>&nbsp;<\/p>\n<p>&nbsp;<\/p>\n<p>&nbsp;<\/p>\n<p>Fredag:<\/p>\n<p>&nbsp;<\/p>\n<p>Rusmiddelcenteret er med hele dagen.<\/p>\n<p>Br\u00e6tspil er p\u00e5 standen hele dagen Margit<\/p>\n<p>Disc-golf kurven Jeanett<\/p>\n<p>&nbsp;<\/p>\n<p>\u201dUngefestival p\u00e5 vandring\u201d:<\/p>\n<p>Vi tager det som en intuitiv snak p\u00e5 stedet<\/p>\n<p>Krista skriver guidelines til inspiration for samtalerne<\/p>\n<p>&nbsp;<\/p>\n<p>L\u00f8rdag hele dagen:<\/p>\n<p>Byrummet i Stege: plancher: Krista finder plancherne fra borgerm\u00f8det (7\/6) og Jeanett bl\u00e6ser dem op p\u00e5 A3. H\u00e6nger p\u00e5 teltet<\/p>\n<p>&nbsp;<\/p>\n<p>L\u00f8rdag kl. 11-12: borgerbudgetter v\/Pr\u00e6st\u00f8 &amp; Jungshoved<\/p>\n<p>&nbsp;<\/p>\n<p>L\u00f8rdag kl. 12-13: Gr\u00f8n Trepart m\/Martin Graff, Benjamin Berner &amp; Jesper Carlsson (Jeanett \/ Krista aftaler)<\/p>\n<p>&nbsp;<\/p>\n<p>L\u00f8rdag kl. 13-14: Ebbe Ravnsted pr\u00e6senterer et lokalt initiativ beredskabsplaner. Jan er talkshowv\u00e6rt. (Jan aftaler)<\/p>\n<p>&nbsp;<\/p>\n<p>Anette, Jeanett &amp; Krista er p\u00e5 standen hele fredag og l\u00f8rdag (Krista er ogs\u00e5 med hos Biosf\u00e6re)<\/p>\n<p>Jan deler sig mellem Lokalfora og \u00c6ldresagen<\/p>\n<p>Margit er med hele fredag og l\u00f8rdag eftermiddag<\/p>\n<p>Anna er med noget af l\u00f8rdag<\/p>\n<p>Jungshoved &amp; Pr\u00e6st\u00f8 er med noget af l\u00f8rdag \u2013 o<\/p>\n<p style=\"text-align: left;\" data-olk-copy-source=\"MessageBody\">___________________________<\/p>\n<p class=\"x_MsoNormal\" style=\"text-align: left;\" data-olk-copy-source=\"MessageBody\"><strong>Referat af m\u00f8de den 22. april 2025<\/strong><\/p>\n<p class=\"x_MsoNormal\" style=\"text-align: left;\">Deltagere: Jeanett, Anette, Jan, Krista.<\/p>\n<p class=\"x_MsoNormal\" style=\"text-align: left;\">Afbud: Katherine (barn syg)<\/p>\n<p class=\"x_MsoNormal\" style=\"text-align: left;\">Her f\u00f8lger referat:<\/p>\n<ol start=\"1\" type=\"1\">\n<li class=\"x_MsoListParagraph\" style=\"text-align: left;\"><u>Opsamling fra seneste m\u00f8de:<\/u><\/li>\n<\/ol>\n<p class=\"x_MsoListParagraph\" style=\"text-align: left;\">Mulig kandidat til bestyrelsen v\/<b>Jeanett.\u00a0<\/b><\/p>\n<p class=\"x_MsoNormal\" style=\"text-align: left;\">Kontakt til pressen v\/<b>Jan\u00a0<i>(Jan holder fast og f\u00e5r ting til at ske!)<\/i><\/b><i><\/i><\/p>\n<p class=\"x_MsoNormal\" style=\"text-align: left;\">Hjemmesiden, samt godkendelse af opslag og kontakt til Rasmus Heise v\/<b>Anette\u00a0<i>(Anette s\u00f8rger for kontinuerlig opdatering m\/tekst &amp; fotos)<\/i><\/b><\/p>\n<p class=\"x_MsoNormal\" style=\"text-align: left;\">Facebooksidens retningslinjer v\/<b>Jeanett\u00a0<i>(kommer snarest)<\/i><\/b><\/p>\n<p class=\"x_MsoNormal\" style=\"text-align: left;\">Trykning af plakater v\/<b>Jeanett\u00a0<i>(Jeanett har en plan, og vi har planlagt hvilke plancher vi vil bruge)<\/i><\/b><\/p>\n<p class=\"x_MsoNormal\" style=\"text-align: left;\">Tilbagemelding fra Ren By v\/<b>Jeanett, Anette\u00a0<i>(fin dag m\/ca. 20 engagerede deltagere)<\/i><\/b><\/p>\n<ol style=\"text-align: left;\" start=\"2\" type=\"1\">\n<li class=\"x_MsoListParagraph\"><u>Vores dialogm\u00f8de: hvad bliver der af de fine planer p\u00e5 glittet papir??. 22 maj. Dialogm\u00f8de om Byrum.<\/u><\/li>\n<\/ol>\n<p class=\"x_MsoNormal\" style=\"text-align: left;\">Jans liste \/ Anettes liste \/ Leifs liste: rundsendes til os alle til udv\u00e6lgelse af prioriteter.<\/p>\n<p class=\"x_MsoNormal\" style=\"text-align: left;\">Opfordring til en prioriteret liste som vi producerer sammen med borgere, politikere, M\u00f8n Handel og M\u00f8ns Bygningsbevaringsforening.<\/p>\n<p class=\"x_MsoNormal\" style=\"text-align: left;\">Eks. p\u00e5 liste:<\/p>\n<p class=\"x_MsoNormal\" style=\"text-align: left;\">Empireg\u00e5rden der skal s\u00e6lges<\/p>\n<p class=\"x_MsoNormal\" style=\"text-align: left;\">De 3 k\u00f8bst\u00e6der<\/p>\n<p class=\"x_MsoNormal\" style=\"text-align: left;\">Havneplanerne<\/p>\n<p class=\"x_MsoNormal\" style=\"text-align: left;\">Moena Folkepark<\/p>\n<p class=\"x_MsoNormal\" style=\"text-align: left;\">Stege Voldterr\u00e6n<\/p>\n<p class=\"x_MsoNormal\" style=\"text-align: left;\">N\u00e6ste m\u00f8de mandag d. 5. maj kl. 11 hos Anette.<\/p>\n<p class=\"x_MsoNormal\" style=\"text-align: left;\">For referat: Krista<\/p>\n<p class=\"x_MsoNormal\" style=\"text-align: left;\" aria-hidden=\"true\">\n<div class=\"pvc_clear\"><\/div>\n<p id=\"pvc_stats_68\" class=\"pvc_stats all  \" data-element-id=\"68\" style=\"\"><i class=\"pvc-stats-icon medium\" aria-hidden=\"true\"><svg aria-hidden=\"true\" focusable=\"false\" data-prefix=\"far\" data-icon=\"chart-bar\" role=\"img\" xmlns=\"http:\/\/www.w3.org\/2000\/svg\" viewBox=\"0 0 512 512\" class=\"svg-inline--fa fa-chart-bar fa-w-16 fa-2x\"><path fill=\"currentColor\" d=\"M396.8 352h22.4c6.4 0 12.8-6.4 12.8-12.8V108.8c0-6.4-6.4-12.8-12.8-12.8h-22.4c-6.4 0-12.8 6.4-12.8 12.8v230.4c0 6.4 6.4 12.8 12.8 12.8zm-192 0h22.4c6.4 0 12.8-6.4 12.8-12.8V140.8c0-6.4-6.4-12.8-12.8-12.8h-22.4c-6.4 0-12.8 6.4-12.8 12.8v198.4c0 6.4 6.4 12.8 12.8 12.8zm96 0h22.4c6.4 0 12.8-6.4 12.8-12.8V204.8c0-6.4-6.4-12.8-12.8-12.8h-22.4c-6.4 0-12.8 6.4-12.8 12.8v134.4c0 6.4 6.4 12.8 12.8 12.8zM496 400H48V80c0-8.84-7.16-16-16-16H16C7.16 64 0 71.16 0 80v336c0 17.67 14.33 32 32 32h464c8.84 0 16-7.16 16-16v-16c0-8.84-7.16-16-16-16zm-387.2-48h22.4c6.4 0 12.8-6.4 12.8-12.8v-70.4c0-6.4-6.4-12.8-12.8-12.8h-22.4c-6.4 0-12.8 6.4-12.8 12.8v70.4c0 6.4 6.4 12.8 12.8 12.8z\" class=\"\"><\/path><\/svg><\/i> <img loading=\"lazy\" decoding=\"async\" width=\"16\" height=\"16\" alt=\"Loading\" src=\"http:\/\/www.stegelokalforum.dk\/wp-content\/plugins\/page-views-count\/ajax-loader-2x.gif\" border=0 \/><\/p>\n<div class=\"pvc_clear\"><\/div>\n<p>Hits: 795<\/p>","protected":false},"excerpt":{"rendered":"<p>Stege Lokalforum Referat af m\u00f8de den 2\/12-2025 1.\u00a0\u00a0\u00a0\u00a0\u00a0\u00a0\u00a0Borgerbudgetter Der er afholdt\u00a0 netv\u00e6rksm\u00f8de 25\/11, hvor flertallet besluttede at dele puljen p\u00e5 kr. 500.000,- ligeligt imellem de, af de 10 aktive lokalforum, der gerne vil v\u00e6re med. Senest 5\/12 skal det tilkendegive over for kommunens administration at vi \u00f8nsker del i Borgerbudgettet. Administrationen &amp; Center for Kultur,&hellip; <br \/> <a class=\"button small blue\" href=\"http:\/\/www.stegelokalforum.dk\/index.php\/stege-lokalforum\/dagsordner\/dagsordner\/\">L\u00e6s mere<\/a><\/p>\n<div class=\"pvc_clear\"><\/div>\n<p id=\"pvc_stats_68\" class=\"pvc_stats all  \" data-element-id=\"68\" style=\"\"><i class=\"pvc-stats-icon medium\" aria-hidden=\"true\"><svg aria-hidden=\"true\" focusable=\"false\" data-prefix=\"far\" data-icon=\"chart-bar\" role=\"img\" xmlns=\"http:\/\/www.w3.org\/2000\/svg\" viewBox=\"0 0 512 512\" class=\"svg-inline--fa fa-chart-bar fa-w-16 fa-2x\"><path fill=\"currentColor\" d=\"M396.8 352h22.4c6.4 0 12.8-6.4 12.8-12.8V108.8c0-6.4-6.4-12.8-12.8-12.8h-22.4c-6.4 0-12.8 6.4-12.8 12.8v230.4c0 6.4 6.4 12.8 12.8 12.8zm-192 0h22.4c6.4 0 12.8-6.4 12.8-12.8V140.8c0-6.4-6.4-12.8-12.8-12.8h-22.4c-6.4 0-12.8 6.4-12.8 12.8v198.4c0 6.4 6.4 12.8 12.8 12.8zm96 0h22.4c6.4 0 12.8-6.4 12.8-12.8V204.8c0-6.4-6.4-12.8-12.8-12.8h-22.4c-6.4 0-12.8 6.4-12.8 12.8v134.4c0 6.4 6.4 12.8 12.8 12.8zM496 400H48V80c0-8.84-7.16-16-16-16H16C7.16 64 0 71.16 0 80v336c0 17.67 14.33 32 32 32h464c8.84 0 16-7.16 16-16v-16c0-8.84-7.16-16-16-16zm-387.2-48h22.4c6.4 0 12.8-6.4 12.8-12.8v-70.4c0-6.4-6.4-12.8-12.8-12.8h-22.4c-6.4 0-12.8 6.4-12.8 12.8v70.4c0 6.4 6.4 12.8 12.8 12.8z\" class=\"\"><\/path><\/svg><\/i> <img loading=\"lazy\" decoding=\"async\" width=\"16\" height=\"16\" alt=\"Loading\" src=\"http:\/\/www.stegelokalforum.dk\/wp-content\/plugins\/page-views-count\/ajax-loader-2x.gif\" border=0 \/><\/p>\n<div class=\"pvc_clear\"><\/div>\n","protected":false},"author":2,"featured_media":0,"parent":62,"menu_order":1,"comment_status":"closed","ping_status":"closed","template":"","meta":{"footnotes":""},"_links":{"self":[{"href":"http:\/\/www.stegelokalforum.dk\/index.php\/wp-json\/wp\/v2\/pages\/68"}],"collection":[{"href":"http:\/\/www.stegelokalforum.dk\/index.php\/wp-json\/wp\/v2\/pages"}],"about":[{"href":"http:\/\/www.stegelokalforum.dk\/index.php\/wp-json\/wp\/v2\/types\/page"}],"author":[{"embeddable":true,"href":"http:\/\/www.stegelokalforum.dk\/index.php\/wp-json\/wp\/v2\/users\/2"}],"replies":[{"embeddable":true,"href":"http:\/\/www.stegelokalforum.dk\/index.php\/wp-json\/wp\/v2\/comments?post=68"}],"version-history":[{"count":16,"href":"http:\/\/www.stegelokalforum.dk\/index.php\/wp-json\/wp\/v2\/pages\/68\/revisions"}],"predecessor-version":[{"id":1590,"href":"http:\/\/www.stegelokalforum.dk\/index.php\/wp-json\/wp\/v2\/pages\/68\/revisions\/1590"}],"up":[{"embeddable":true,"href":"http:\/\/www.stegelokalforum.dk\/index.php\/wp-json\/wp\/v2\/pages\/62"}],"wp:attachment":[{"href":"http:\/\/www.stegelokalforum.dk\/index.php\/wp-json\/wp\/v2\/media?parent=68"}],"curies":[{"name":"wp","href":"https:\/\/api.w.org\/{rel}","templated":true}]}}