{"id":1234,"date":"2023-03-14T19:05:53","date_gmt":"2023-03-14T19:05:53","guid":{"rendered":"https:\/\/www.stegelokalforum.dk\/?page_id=1234"},"modified":"2023-03-21T19:23:04","modified_gmt":"2023-03-21T19:23:04","slug":"2023-03-08-referat","status":"publish","type":"page","link":"http:\/\/www.stegelokalforum.dk\/index.php\/stege-lokalforum\/generalforsamlinger\/2023-03-08-referat\/","title":{"rendered":"2023.03.08 Generalforsamling og \u00c5rsberetning"},"content":{"rendered":"<p style=\"text-align: left;\">Referat af generalforsamling i <span style=\"font-family: 'Source Sans Pro', sans-serif; font-size: 18px;\">Stege Lokalforum, ons. d.8\/3-23<\/span><\/p>\n<p style=\"text-align: left;\">1. Valg af dirigent, referent og stemmet\u00e6llere<br \/>\nDirigent: Steffen Steffensen, Referent: Rikke Petersen<br \/>\nDirigenten godkendte varslingsfrister og erkl\u00e6rer generalforsamlingen<br \/>\nformelt godkendt.<br \/>\n2. Bestyrelsens redeg\u00f8relse for aktiviteter i den forl\u00f8bne periode \/<br \/>\nformandens beretning<br \/>\nFormand Lis Due fremlagde sin \u00e5rsberetning. Her er lidt punkter:<br \/>\n\u2022 De f\u00e6lles lokalfora\u2019s stand p\u00e5 Folkem\u00f8de M\u00f8n<br \/>\n\u2022 Foreningen Musikhuset M\u00f8n blev dannet med hj\u00e6lp fra SL<br \/>\n\u2022 Ungdomshuset M\u00f8n blomstrer (dannet i 2020 med SL som<br \/>\nspringbr\u00e6t)<br \/>\n\u2022 Flere cykelstier nu &#8211; som nu b\u00e6rer frugt<br \/>\n\u2022 2 Borgerm\u00f8der (Ssp og ambassad\u00f8rer<br \/>\n\u2022 Affaldssammling og -ordning &#8211; reng\u00f8ringsdag omkring havnen &#8211;<br \/>\nhavnens dag<br \/>\n\u2022 Verdensm\u00e5lsplads i Stege ved Havnegrillen<br \/>\n\u2022 Nye ideer: Stege Junior rangers, kunstsk\u00f8jtebane, foreningsfestival,<br \/>\nFolkem\u00f8det, L\u00f8bende borgerm\u00f8der om relevante emner.<br \/>\n\u2022 Find os p\u00e5 Facebook og hjemmesiden: stegelokalforum.dk<\/p>\n<p style=\"text-align: left;\">Kommentar om at vi pr\u00f8ver at rydde op p\u00e5 vores FB side<br \/>\n3. Kassererens freml\u00e6ggelse af regnskab<br \/>\nSe Regnskab i Bilag.<br \/>\nFremvisning af SL\u2019s nye logo og (genbrugs)t-shirts og jakker.<br \/>\nIngen yderligere kommentarer til punktet<br \/>\n4. Indkomne forslag behandles<br \/>\nDer er ikke indkommet nogle forslag<br \/>\n5. Valg af bestyrelsesmedlemmer og suppleanter<br \/>\nAnne Marie S\u00f8land vil gerne v\u00e6re med i bestyrelsen. Anne Marie er optaget<br \/>\naf \u2018Livet i byen\u2019<\/p>\n<p style=\"text-align: left;\">Inge Munkebo Vinter vil ogs\u00e5 meget gerne v\u00e6re med i bestyrelsen. Inge er<br \/>\nformand for hjerneskadeforeningen Vordingborg og repr\u00e6senterer denne i<br \/>\nhandicapr\u00e5det og er optaget af adgang for alle handicappede.<br \/>\nB\u00e5de Inge og Annemarie bydes velkommen i bestyrelsen.<br \/>\nRikke Petersen vil gerne \u2018nedskrives\u2019 til suppleant. Dette l\u00f8ses formelt ved at<br \/>\nJan indtr\u00e6der som bestyrelsesmedlem.<br \/>\nDen nye bestyrelse har besluttet at m\u00f8des mandag d. 20\/3 kl 18:00 hos<br \/>\nJeanett<br \/>\n6. Valg af revisor og revisorsuppleant<br \/>\nBirthe forts\u00e6tter som revisor, men vi skal have en ny suppleant. Ingen<br \/>\nmelder sig. Vi tager et \u00e5r uden revisorsuppleant.<br \/>\n7. Evt<br \/>\nBes\u00f8g fra Per Skov fra Vestm\u00f8n lokalforum.De vil meget gerne samarbejde<br \/>\nog skaffe inspiration fra os. Der er m\u00f8de p\u00e5 mandag, hvor de vil afs\u00f8ge<br \/>\nhvillke ressourcer der er p\u00e5 Vestm\u00f8n og fors\u00f8ge at skabe f\u00e6llesskaber i en<br \/>\nsv\u00e6r tid nu, hvor Fanefjordskolen skal lukke.<br \/>\nDanmarks Naturfredningsforenings nationale Affaldsindsamling l\u00f8ber af<br \/>\nstabelen d. 25\/3 Vi har arrangeret en affaldsopsamlingsrute langs Kostervej,<br \/>\nog bruger den til \u2018klarg\u00f8ring\u2019 til cykelsti-byggeriet. Cykelstien forventes<br \/>\nf\u00e6rdig til december<br \/>\nD. 1\/4 deltager vi i Ren By p\u00e5 torvet sammen med handelsstandsforening.<br \/>\n8. Aftenens indslag:<br \/>\nM\u00f8n Musikhus<br \/>\nChristian (formand) og Astrid (kasserer) fort\u00e6ller om foreningens historie.<br \/>\nFestival, h\u00f8stfest 60\u2019er fest, koncert med lokale bands. Alle arrangementer<br \/>\nhar v\u00e6ret velbes\u00f8gt og starten er g\u00e5et rigtig godt. Den nystiftede bestyrelse<br \/>\nhar allerede nye arrangementer i kikkerten, bl.a. sammenspilsworkshop og<br \/>\nkorworkshop. Stadig fokus p\u00e5 at f\u00e5 flere unge med evt. med et s\u00e6rligt<br \/>\nungearrangement. Dr\u00f8mmer om et fast sted eller hus, og ogs\u00e5 om en<br \/>\ntilbagevendende festival. Ved at lave aftale med Rockbussen som laver<br \/>\narrangementer for sm\u00e5 b\u00f8rn. Er ogs\u00e5 n\u00e6sten f\u00e6rdige med hjemmesiden<br \/>\nmoenmusikhus.dk<br \/>\nUngdomshuset M\u00f8n<br \/>\nGitte fort\u00e6ller om foreningens historie. Foreningen har lidt af en lang sej<br \/>\nf\u00f8dsel, med bl.a. rokader i bestyrelsen, men nu er der faslagt en bestyrelse<br \/>\nfor foreningen, som blev stiftet i 2020. Bestyrelsen skal best\u00e5 af b\u00e5de unge<br \/>\nog voksne over 18. Foreningen har f\u00e5et 480.000kr af Vordingborg Kommune,<br \/>\nsom de nu skal finde ud af at bruge fornuftigt. Har haft et positivt m\u00f8de med<br \/>\nOle Hampenberg (sekretariatsleder af kultur og fritid ved Vordingborg<br \/>\nkommune). Foreningen holder m\u00f8der med andre lokale ildsj\u00e6le og r\u00e5dgivere.<br \/>\nDet er et vigtigt fokus at de unge er aktive og har ejerskab.<br \/>\nIndtil nu har man afholdt spilaftener for at skaffe flere ambassad\u00f8rer. Men<br \/>\ndet betyder noget, at der ikke er et fast sted. De leder med lys og lygte efter<br \/>\net hus. Det er sv\u00e6rt, men de knokler, og har et sted i kikkerten.<br \/>\n9. Afslutning og tak for i aften<br \/>\nTak for god ro og orden,<br \/>\nPbv, referent Rikke Petersen<\/p>\n<p><strong>\u00c5rsberetning af formand Lis Due<\/strong><\/p>\n<p class=\"x_x_MsoNormal\" style=\"text-align: left;\">I 2022 tog Stege Lokalforum initiativ til et frugtbart netv\u00e6rk med kommunens \u00f8vrige lokalfora. Vi bes\u00f8ger hinanden, og l\u00e6rer de forskellige omr\u00e5der at kende.<u><\/u><u><\/u><\/p>\n<p class=\"x_x_MsoNormal\" style=\"text-align: left;\">Sammen skabte vi den flotteste stand p\u00e5 Folkem\u00f8de M\u00f8n, og fik mange, &#8211; b\u00e5de unge og voksne i tale.<u><\/u><u><\/u><\/p>\n<p class=\"x_x_MsoNormal\" style=\"text-align: left;\">I M\u00f8n Musikhus har vi deltaget i bestyrelsen gennem det f\u00f8rste \u00e5r, hvor M\u00f8n Musikhus var arrang\u00f8r af 3 supergode arrangementer. Musikhuset forts\u00e6tter nu uden support fra Stege Lokalforum. Det bliver rigtig godt!, &#8211; Og det kommer I til at h\u00f8re mere om her i aften.<u><\/u><u><\/u><\/p>\n<p class=\"x_x_MsoNormal\" style=\"text-align: left;\">I skal ogs\u00e5 h\u00f8re om Ungdomshuset M\u00f8n, som var \u201ddet f\u00f8rste skib\u201d vi s\u00f8satte, tilbage i 2020.<u><\/u><u><\/u><\/p>\n<p class=\"x_x_MsoNormal\" style=\"text-align: left;\">Stege Lokalforum er repr\u00e6senteret i arbejdsgruppen \u201dFlereCykelstier.Nu\u201d, og vi konstaterer med stor tilfredshed at arbejdet og det lange, seje tr\u00e6k, nu endelig begynder at b\u00e6re frugt! Vi ser med forventning frem til at kunne cykle sikkert sammen med Jer ad nye stier fra Stege til Langeb\u00e6k i 2024!<u><\/u><u><\/u><\/p>\n<p class=\"x_x_MsoNormal\" style=\"text-align: left;\">Vi har faciliteret 2 borgerm\u00f8der: Eet \u00a0om politi &amp; SSP-samarbejde; Eet om muligheden for at v\u00e6re \u201dTrivsels-ambasad\u00f8r\u201d.<u><\/u><u><\/u><\/p>\n<p class=\"x_x_MsoNormal\" style=\"text-align: left;\">Arbejdet med at nudge til affaldsindsamling og sortering, er en permanent opgave og udfordring, som vi tager op i samarbejde med Biosf\u00e6re M\u00f8n, hvor vi har en ambassad\u00f8r, der arbejder med \u201dSporl\u00f8s F\u00e6rd\u201d.<u><\/u><u><\/u><\/p>\n<p class=\"x_x_MsoNormal\" style=\"text-align: left;\">Et initiativ som Stege Lokalforum \u00f8nsker at facilitere, er en f\u00e6lles reng\u00f8ringsdag i og omkring havnen i samarbejde med alle havnens foreninger, og i forbindelse med Havnens Dag i juni.<u><\/u><u><\/u><\/p>\n<p class=\"x_x_MsoNormal\" style=\"text-align: left;\">Tiden er kommet til at Stege skal have sin egen Verdensm\u00e5lsplads! Den f\u00f8rste blev placeret ved Fanefjordskolen.<u><\/u><u><\/u><\/p>\n<p class=\"x_x_MsoNormal\" style=\"text-align: left;\">I samarbejde med Kevin Bendix, som har overtaget Havnegrillen, er vi ved at planl\u00e6gge en Verdensm\u00e5ls-cirkel, som skal st\u00e5 p\u00e5 pl\u00e6nen v\/cafeen.<u><\/u><u><\/u><\/p>\n<p class=\"x_x_MsoNormal\" style=\"text-align: left;\"><u><\/u>\u00a0<u><\/u><\/p>\n<p class=\"x_x_MsoNormal\" style=\"text-align: left;\"><u>I 2023 planl\u00e6gger vi desuden at arbejde med:<\/u><\/p>\n<p class=\"x_x_MsoNormal\" style=\"text-align: left;\">Stege-junior-rangers, &#8211; i samarbejde med relevante akt\u00f8rer;<u><\/u><u><\/u><\/p>\n<p class=\"x_x_MsoNormal\" style=\"text-align: left;\">En disc-golf-bane i Stege Skov;<u><\/u><u><\/u><\/p>\n<p class=\"x_x_MsoNormal\" style=\"text-align: left;\">En udend\u00f8rs foreningsfestival;<u><\/u><u><\/u><\/p>\n<p class=\"x_x_MsoNormal\" style=\"text-align: left;\">Og en vild plan om en kunstsk\u00f8jtebane p\u00e5 Stege Torv hen mod juletid og i samarbejde med M\u00f8n Handel.<u><\/u><u><\/u><\/p>\n<p class=\"x_x_MsoNormal\" style=\"text-align: left;\">Vi er klar til igen at st\u00e5 p\u00e5 Folkem\u00f8de M\u00f8n i august, sammen med vores kolleger i kommunens Lokalfora.<u><\/u><u><\/u><\/p>\n<p class=\"x_x_MsoNormal\" style=\"text-align: left;\">Og endelig vil vi naturligvis stadig facilitere borgerm\u00f8der om relevante emner og med deltagelse af medlemmer fra Kommunalbestyrelsen.<u><\/u><u><\/u><\/p>\n<p class=\"x_x_MsoNormal\" style=\"text-align: left;\"><u><\/u>\u00a0<u><\/u><\/p>\n<p class=\"x_x_MsoNormal\" style=\"text-align: left;\">Husk at vi har en hjemmeside, der fort\u00e6ller om os i Stege Lokalforum:\u00a0<a href=\"http:\/\/www.stegelokalforum.dk\/\" target=\"_blank\" rel=\"noopener noreferrer\" data-auth=\"NotApplicable\" data-linkindex=\"1\">www.stegelokalforum.dk<\/a>\u00a0 Og vi er p\u00e5 facebook, hvor man som borger til enhver tid er velkommen: den hedder: \u201dStege Lokalforum\u201d.<u><\/u><u><\/u><\/p>\n<p class=\"x_x_MsoNormal\" style=\"text-align: left;\"><u><\/u>\u00a0<u><\/u><\/p>\n<p class=\"x_x_MsoNormal\" style=\"text-align: left;\">Og med disse ord s\u00e6tter jeg beretningen til debat.<u><\/u><u><\/u><\/p>\n<p class=\"x_x_MsoNormal\" style=\"text-align: left;\">Lis Due Rasmussen<u><\/u><u><\/u><\/p>\n<p class=\"x_x_MsoNormal\" style=\"text-align: left;\">Formand<\/p>\n<div class=\"pvc_clear\"><\/div>\n<p id=\"pvc_stats_1234\" class=\"pvc_stats all  \" data-element-id=\"1234\" style=\"\"><i class=\"pvc-stats-icon medium\" aria-hidden=\"true\"><svg aria-hidden=\"true\" focusable=\"false\" data-prefix=\"far\" data-icon=\"chart-bar\" role=\"img\" xmlns=\"http:\/\/www.w3.org\/2000\/svg\" viewBox=\"0 0 512 512\" class=\"svg-inline--fa fa-chart-bar fa-w-16 fa-2x\"><path fill=\"currentColor\" d=\"M396.8 352h22.4c6.4 0 12.8-6.4 12.8-12.8V108.8c0-6.4-6.4-12.8-12.8-12.8h-22.4c-6.4 0-12.8 6.4-12.8 12.8v230.4c0 6.4 6.4 12.8 12.8 12.8zm-192 0h22.4c6.4 0 12.8-6.4 12.8-12.8V140.8c0-6.4-6.4-12.8-12.8-12.8h-22.4c-6.4 0-12.8 6.4-12.8 12.8v198.4c0 6.4 6.4 12.8 12.8 12.8zm96 0h22.4c6.4 0 12.8-6.4 12.8-12.8V204.8c0-6.4-6.4-12.8-12.8-12.8h-22.4c-6.4 0-12.8 6.4-12.8 12.8v134.4c0 6.4 6.4 12.8 12.8 12.8zM496 400H48V80c0-8.84-7.16-16-16-16H16C7.16 64 0 71.16 0 80v336c0 17.67 14.33 32 32 32h464c8.84 0 16-7.16 16-16v-16c0-8.84-7.16-16-16-16zm-387.2-48h22.4c6.4 0 12.8-6.4 12.8-12.8v-70.4c0-6.4-6.4-12.8-12.8-12.8h-22.4c-6.4 0-12.8 6.4-12.8 12.8v70.4c0 6.4 6.4 12.8 12.8 12.8z\" class=\"\"><\/path><\/svg><\/i> <img loading=\"lazy\" decoding=\"async\" width=\"16\" height=\"16\" alt=\"Loading\" src=\"http:\/\/www.stegelokalforum.dk\/wp-content\/plugins\/page-views-count\/ajax-loader-2x.gif\" border=0 \/><\/p>\n<div class=\"pvc_clear\"><\/div>\n<p>Hits: 543<\/p>","protected":false},"excerpt":{"rendered":"<p>Referat af generalforsamling i Stege Lokalforum, ons. d.8\/3-23 1. Valg af dirigent, referent og stemmet\u00e6llere Dirigent: Steffen Steffensen, Referent: Rikke Petersen Dirigenten godkendte varslingsfrister og erkl\u00e6rer generalforsamlingen formelt godkendt. 2. Bestyrelsens redeg\u00f8relse for aktiviteter i den forl\u00f8bne periode \/ formandens beretning Formand Lis Due fremlagde sin \u00e5rsberetning. Her er lidt punkter: \u2022 De f\u00e6lles lokalfora\u2019s&hellip; <br \/> <a class=\"button small blue\" href=\"http:\/\/www.stegelokalforum.dk\/index.php\/stege-lokalforum\/generalforsamlinger\/2023-03-08-referat\/\">L\u00e6s mere<\/a><\/p>\n<div class=\"pvc_clear\"><\/div>\n<p id=\"pvc_stats_1234\" class=\"pvc_stats all  \" data-element-id=\"1234\" style=\"\"><i class=\"pvc-stats-icon medium\" aria-hidden=\"true\"><svg aria-hidden=\"true\" focusable=\"false\" data-prefix=\"far\" data-icon=\"chart-bar\" role=\"img\" xmlns=\"http:\/\/www.w3.org\/2000\/svg\" viewBox=\"0 0 512 512\" class=\"svg-inline--fa fa-chart-bar fa-w-16 fa-2x\"><path fill=\"currentColor\" d=\"M396.8 352h22.4c6.4 0 12.8-6.4 12.8-12.8V108.8c0-6.4-6.4-12.8-12.8-12.8h-22.4c-6.4 0-12.8 6.4-12.8 12.8v230.4c0 6.4 6.4 12.8 12.8 12.8zm-192 0h22.4c6.4 0 12.8-6.4 12.8-12.8V140.8c0-6.4-6.4-12.8-12.8-12.8h-22.4c-6.4 0-12.8 6.4-12.8 12.8v198.4c0 6.4 6.4 12.8 12.8 12.8zm96 0h22.4c6.4 0 12.8-6.4 12.8-12.8V204.8c0-6.4-6.4-12.8-12.8-12.8h-22.4c-6.4 0-12.8 6.4-12.8 12.8v134.4c0 6.4 6.4 12.8 12.8 12.8zM496 400H48V80c0-8.84-7.16-16-16-16H16C7.16 64 0 71.16 0 80v336c0 17.67 14.33 32 32 32h464c8.84 0 16-7.16 16-16v-16c0-8.84-7.16-16-16-16zm-387.2-48h22.4c6.4 0 12.8-6.4 12.8-12.8v-70.4c0-6.4-6.4-12.8-12.8-12.8h-22.4c-6.4 0-12.8 6.4-12.8 12.8v70.4c0 6.4 6.4 12.8 12.8 12.8z\" class=\"\"><\/path><\/svg><\/i> <img loading=\"lazy\" decoding=\"async\" width=\"16\" height=\"16\" alt=\"Loading\" src=\"http:\/\/www.stegelokalforum.dk\/wp-content\/plugins\/page-views-count\/ajax-loader-2x.gif\" border=0 \/><\/p>\n<div class=\"pvc_clear\"><\/div>\n","protected":false},"author":1,"featured_media":0,"parent":66,"menu_order":0,"comment_status":"closed","ping_status":"closed","template":"","meta":{"footnotes":""},"_links":{"self":[{"href":"http:\/\/www.stegelokalforum.dk\/index.php\/wp-json\/wp\/v2\/pages\/1234"}],"collection":[{"href":"http:\/\/www.stegelokalforum.dk\/index.php\/wp-json\/wp\/v2\/pages"}],"about":[{"href":"http:\/\/www.stegelokalforum.dk\/index.php\/wp-json\/wp\/v2\/types\/page"}],"author":[{"embeddable":true,"href":"http:\/\/www.stegelokalforum.dk\/index.php\/wp-json\/wp\/v2\/users\/1"}],"replies":[{"embeddable":true,"href":"http:\/\/www.stegelokalforum.dk\/index.php\/wp-json\/wp\/v2\/comments?post=1234"}],"version-history":[{"count":6,"href":"http:\/\/www.stegelokalforum.dk\/index.php\/wp-json\/wp\/v2\/pages\/1234\/revisions"}],"predecessor-version":[{"id":1244,"href":"http:\/\/www.stegelokalforum.dk\/index.php\/wp-json\/wp\/v2\/pages\/1234\/revisions\/1244"}],"up":[{"embeddable":true,"href":"http:\/\/www.stegelokalforum.dk\/index.php\/wp-json\/wp\/v2\/pages\/66"}],"wp:attachment":[{"href":"http:\/\/www.stegelokalforum.dk\/index.php\/wp-json\/wp\/v2\/media?parent=1234"}],"curies":[{"name":"wp","href":"https:\/\/api.w.org\/{rel}","templated":true}]}}