{"id":1178,"date":"2022-01-26T09:14:01","date_gmt":"2022-01-26T09:14:01","guid":{"rendered":"http:\/\/www.stegelokalforum.dk\/?page_id=1178"},"modified":"2025-02-25T15:09:11","modified_gmt":"2025-02-25T15:09:11","slug":"generalforsamling-24-01-2022","status":"publish","type":"page","link":"http:\/\/www.stegelokalforum.dk\/index.php\/stege-lokalforum\/generalforsamlinger\/generalforsamling-24-01-2022\/","title":{"rendered":"2022.01.24 Generalforsamling"},"content":{"rendered":"<p style=\"text-align: left;\"><strong>Referat af generalforsamling i Stege Lokalforum d. 24\/1-22.<\/strong><\/p>\n<p style=\"text-align: left;\">1: Valg af dirigent: Jan Hansen, referent Rikke Petersen og stemmet\u00e6llere (ikke n\u00f8dvendigt)<\/p>\n<p style=\"text-align: left;\">Generalforsamlingen er lovformeligt varslet og indkaldt.<\/p>\n<p style=\"text-align: left;\">2: Bestyrelsens redeg\u00f8relse: Jeanett freml\u00e6gger formandens beretning.<\/p>\n<p class=\"x_MsoNormal\">K\u00e6re Medlemmer i Stege Lokalforum, &#8211; dvs. alle i vores omr\u00e5de, som d\u00e6kker postnummer 4780 Stege;<\/p>\n<p class=\"x_MsoNormal\">Stege Lokalforum \u00f8nsker<b>\u00a0Godt Nyt\u00e5r !!<\/b><\/p>\n<p class=\"x_MsoNormal\">I det forgangne \u00e5r har Stege Lokalforum v\u00e6ret repr\u00e6senteret ved alle de &#8211; offentlige &#8211; \u00a0m\u00f8der og kurser, samt diverse interessentm\u00f8der med mulige samarbejdspartnere, som vi har kunnet overkomme, &#8211; og det forts\u00e6tter vi med.<\/p>\n<p class=\"x_MsoNormal\">Vi er med i planl\u00e6gningen af aktiviteter i Moena M\u00f8nshallerne<\/p>\n<p class=\"x_MsoNormal\">Vi er med i planl\u00e6gningen af omr\u00e5det omkring sejlklubben<\/p>\n<p class=\"x_MsoNormal\">Vi er med n\u00e5r der skal tales om kystsikring og udvikling af Steges kystlinje<\/p>\n<p class=\"x_MsoNormal\">Vi har deltaget i kursus i at f\u00e5 de unge med i foreningslivet<\/p>\n<p class=\"x_MsoNormal\">Vi er med n\u00e5r de unge skal nudges til at v\u00e6lge en uddannelse<\/p>\n<p class=\"x_MsoNormal\">Vi er med p\u00e5 Frivillig Fredag<\/p>\n<p class=\"x_MsoNormal\">Vi er med til \u00c5rsm\u00f8de for Foreninger<\/p>\n<p class=\"x_MsoNormal\">Vi deltager i offentlige m\u00f8der og skriver h\u00f8ringssvar til kommende aktiviteter i vores omr\u00e5de<\/p>\n<p class=\"x_MsoNormal\">Herunder borgerm\u00f8de omkr. Sukkerfabrikken 27\/1<\/p>\n<ul type=\"disc\">\n<li class=\"x_MsoListParagraph\">Og meget, meget mere!<\/li>\n<\/ul>\n<p class=\"x_MsoNormal\">P\u00e5 vores hjemmeside\u00a0<a id=\"LPlnk253388\" href=\"http:\/\/www.stegelokalforum.dk\/\" target=\"_blank\" rel=\"noopener noreferrer\" data-auth=\"NotApplicable\" data-linkindex=\"0\">www.stegelokalforum.dk<\/a><\/p>\n<p style=\"text-align: left;\">3: Freml\u00e6ggelse af regnskab. Regnskabet godkendes enstemmigt. Bilag bliver ligeledes tilg\u00e6ngeligt p\u00e5 hjemmesiden.<\/p>\n<p style=\"text-align: left;\">4: Indkomne forslag. Ingen indkomne forslag.<\/p>\n<p style=\"text-align: left;\">5: Valg af bestyrelsesmedlemmer og suppleanter. Lis Due, Anette Vangkilde Hansen, og Krista Steffensen er alle genvalgt uden modkandidater. Jan Hansen er ligeledes genvalgt som suppleant.<\/p>\n<p style=\"text-align: left;\">6: Valg af revisor og revisorsuppleant. Birte Ravn og Bente Ravn er begge genvalgt<\/p>\n<p style=\"text-align: left;\">7: Eventuelt: Der er ros til bestyrelsen fra flere deltagere. Der udtrykkes \u00f8nske om at vi er mere synlige om alle de aktiviteter vi har gang i. Evt som et nyhedsbrev.<\/p>\n<p style=\"text-align: left;\">8: Bes\u00f8g af Politi og SSP. Morten Brandt viceinspekt\u00f8r p\u00e5 \u2019Ungdomsskolen og 10.klasse\u2019. Sara Knudsen SSP konsulent i Vordingborg kommune. D\u00e6kker 0-24 \u00e5r og alle institutioner, skoler, privatskoler og ungdomsuddannelser, bl.a. FGU i Vordingborg. Rikard Naef fra Vordingborg Lokalpoliti (vikar for Ralf).<\/p>\n<p style=\"text-align: left;\">Rikard fort\u00e6ller om lokalpolitiet: Vordingborg kommune er delt i 3 omr\u00e5der tilsvarende de tre betjente p\u00e5 kontoret. Bl.a. gennemg\u00e5s d\u00f8gnrapporterne mhp om der er utryghed i lokalsamfundet eller hos en lokal borger. Samarbejder meget gerne med lokalfora som tryghedsambassad\u00f8rer og ogs\u00e5 for at v\u00e6re let tilg\u00e6ngelige og synlige for lokalborgere. Vil meget gerne kontaktes og bruges. Og meget gerne samarbejde med nogle lokale n\u00f8glepersoner, l\u00e6reren, k\u00f8bmanden, halinspekt\u00f8ren, \u2026 Ralf Toepler er \u2019vores\u2019 lokalbetjent og han kan kontaktes p\u00e5 41328722 og mail rmt002@politi.dk Vi har ogs\u00e5 den gamle landbetjent Line Palmqvist, som har kontor p\u00e5 Stege Bibliotek. 41328405 Det er vigtigt at politi og SSP f\u00e5r informationer om det der sker, ellers ved de det jo ikke. Hvor er bagatelgr\u00e6nsen? Intet er for sm\u00e5t.<\/p>\n<p style=\"text-align: left;\">Morten fort\u00e6ller om SSP samarbejdet, at der har v\u00e6ret en struktur\u00e6ndring for ca 5 \u00e5r siden, som betyder at lokalbetjentene er \u2019fredet\u2019 til SSP samarbejdet. Det har v\u00e6ret en kolossal forbedring. Vi er en del af Sydsj\u00e6lland\/Lolland-Falster politikreds som er 7 kommuner. Det er den politikreds, som l\u00e6gger de overordnede rammer for SSP arbejdet i kommunen. Der er f.eks. en f\u00e6lles indsats 5 og 7 \u00e5rgang med projektet \u2019det er sejt at sige nej\u2019. Der er m\u00f8de hver tirsdag, hvor al politiets kontakt til b\u00f8rn og unge ml. 0 og 17 \u00e5r i den forgangne uge gennemg\u00e5s. Den unge tildeles point efter alvorligheden af den kriminalitet de har v\u00e6ret indblandet i, og er der mange bekymringspoint p\u00e5 et barn har man forskellige muligheder for indsatser man kan g\u00e5 videre med. Hver anden uge gennemg\u00e5r man ogs\u00e5 de 18-25 \u00e5rige.<\/p>\n<p style=\"text-align: left;\">Der findes en OFOR (Operativ forebyggende enhed) som laver arbejdstidsforskudte patruljer, dvs. patruljerer om aftenen og i weekender. Der er desuden medarbejdere i et ops\u00f8gende team fra ungdomsskolen p\u00e5 gaden typisk en gang om ugen.<\/p>\n<p style=\"text-align: left;\">Dagligt tr\u00e6kker politiet en socialliste hvor bekymringer p\u00e5 b\u00f8rn registreres. SSP og skole kan have samarbejde med bekymringssamtaler.<\/p>\n<p style=\"text-align: left;\">P\u00e5 trods af, at vi har mange anbragte b\u00f8rn og unge her i kommunen har vi ikke et h\u00f8jere ungdomskriminalitetsniveau.<\/p>\n<p style=\"text-align: left;\">Hvordan ser det ud med narko her? Det er let tilg\u00e6ngeligt og det foreg\u00e5r over snap. Vi opfordres til altid at videregive tips til SSP eller politi om bekymringer, man har som lokal borger. Det kan ogs\u00e5 foreg\u00e5 anonymt.<\/p>\n<p style=\"text-align: left;\">Sara bruger sin tid hovedsageligt ude p\u00e5 skolerne og informere om f.eks. digital opdragelse, net-etik og sociale medier. Laver ogs\u00e5 forebyggelse om sundhed i fht. tobak. Og til netv\u00e6rksm\u00f8der med sundhedsplejerske, trivselscoach, skoleledere og taler generelt trivsel og sundhed. Projekter, bl.a. \u2019ung i centrum\u2019, som hj\u00e6lper unge i skolen med at komme eller blive p\u00e5 rette bane, ved at have et \u2019job\u2019 samtidig med skolen eller fritidsjobprojekter. Ogs\u00e5 samtaler med unge alene eller i grupper, samtaler med for\u00e6ldre, samtaler med unge i problemer. Sara sidder i ungdomsskolen i Vordingborg og kan kontaktes p\u00e5 sgkn@vordingborg.dk og p\u00e5 tlf. 29272785. Der sidder ogs\u00e5 Carsten Stier som kan kontaktes p\u00e5 cast@vordingborg.dk og tlf. 20216959. Uden for almindelig arbejdstid kan man kontakte Morten p\u00e5 tlf. 20348451. Man kan ogs\u00e5 finde kontaktinformationer og flere informationer p\u00e5 Vordingborg kommunes hjemmeside ved at skrive SSP i s\u00f8gefeltet.<\/p>\n<p style=\"text-align: left;\">Andre skoletilbud: Heltidsundervisning er et fleksibelt forl\u00f8b kombineret med en del praktik. Det indeholder alm afgangspr\u00f8ve, og forbereder den unge til en ungdomsuddannelse. STU forbereder den unge som ofte er handicappet eller kognitivt udfordret i st\u00f8rre grad til livet efter skolen. Disse unge er ikke i stand til at tage en ungdomsuddannelse. \u2019Unge p\u00e5 toppen\u2019 er for en gruppe unge som er normaltbegavet, men med massive angstproblematikker. De unge har massivt skolefrav\u00e6r. De sigter mod en eksamen, men desv\u00e6rre sj\u00e6ldent direkte til en ungdomsuddannelse. Men med tid, er det det, der er planen.<\/p>\n<p style=\"text-align: left;\">Hvad er en trivselsambassad\u00f8r og hvordan bliver man det? Det er en kontaktperson til lokalpolitiet. Vi vil meget gerne v\u00e6re med til at holde et arrangement hvor nye trivselsambassad\u00f8rer informeres og kl\u00e6des p\u00e5. Det skal v\u00e6re et arrangement med bindende tilmeldinger.<\/p>\n<p style=\"text-align: left;\">Tak for god ro og orden, p\u00e5 best vegne, Rikke P, Referent<\/p>\n<div class=\"pvc_clear\"><\/div>\n<p id=\"pvc_stats_1178\" class=\"pvc_stats all  \" data-element-id=\"1178\" style=\"\"><i class=\"pvc-stats-icon medium\" aria-hidden=\"true\"><svg aria-hidden=\"true\" focusable=\"false\" data-prefix=\"far\" data-icon=\"chart-bar\" role=\"img\" xmlns=\"http:\/\/www.w3.org\/2000\/svg\" viewBox=\"0 0 512 512\" class=\"svg-inline--fa fa-chart-bar fa-w-16 fa-2x\"><path fill=\"currentColor\" d=\"M396.8 352h22.4c6.4 0 12.8-6.4 12.8-12.8V108.8c0-6.4-6.4-12.8-12.8-12.8h-22.4c-6.4 0-12.8 6.4-12.8 12.8v230.4c0 6.4 6.4 12.8 12.8 12.8zm-192 0h22.4c6.4 0 12.8-6.4 12.8-12.8V140.8c0-6.4-6.4-12.8-12.8-12.8h-22.4c-6.4 0-12.8 6.4-12.8 12.8v198.4c0 6.4 6.4 12.8 12.8 12.8zm96 0h22.4c6.4 0 12.8-6.4 12.8-12.8V204.8c0-6.4-6.4-12.8-12.8-12.8h-22.4c-6.4 0-12.8 6.4-12.8 12.8v134.4c0 6.4 6.4 12.8 12.8 12.8zM496 400H48V80c0-8.84-7.16-16-16-16H16C7.16 64 0 71.16 0 80v336c0 17.67 14.33 32 32 32h464c8.84 0 16-7.16 16-16v-16c0-8.84-7.16-16-16-16zm-387.2-48h22.4c6.4 0 12.8-6.4 12.8-12.8v-70.4c0-6.4-6.4-12.8-12.8-12.8h-22.4c-6.4 0-12.8 6.4-12.8 12.8v70.4c0 6.4 6.4 12.8 12.8 12.8z\" class=\"\"><\/path><\/svg><\/i> <img loading=\"lazy\" decoding=\"async\" width=\"16\" height=\"16\" alt=\"Loading\" src=\"http:\/\/www.stegelokalforum.dk\/wp-content\/plugins\/page-views-count\/ajax-loader-2x.gif\" border=0 \/><\/p>\n<div class=\"pvc_clear\"><\/div>\n<p>Hits: 772<\/p>","protected":false},"excerpt":{"rendered":"<p>Referat af generalforsamling i Stege Lokalforum d. 24\/1-22. 1: Valg af dirigent: Jan Hansen, referent Rikke Petersen og stemmet\u00e6llere (ikke n\u00f8dvendigt) Generalforsamlingen er lovformeligt varslet og indkaldt. 2: Bestyrelsens redeg\u00f8relse: Jeanett freml\u00e6gger formandens beretning. K\u00e6re Medlemmer i Stege Lokalforum, &#8211; dvs. alle i vores omr\u00e5de, som d\u00e6kker postnummer 4780 Stege; Stege Lokalforum \u00f8nsker\u00a0Godt Nyt\u00e5r !!&hellip; <br \/> <a class=\"button small blue\" href=\"http:\/\/www.stegelokalforum.dk\/index.php\/stege-lokalforum\/generalforsamlinger\/generalforsamling-24-01-2022\/\">L\u00e6s mere<\/a><\/p>\n<div class=\"pvc_clear\"><\/div>\n<p id=\"pvc_stats_1178\" class=\"pvc_stats all  \" data-element-id=\"1178\" style=\"\"><i class=\"pvc-stats-icon medium\" aria-hidden=\"true\"><svg aria-hidden=\"true\" focusable=\"false\" data-prefix=\"far\" data-icon=\"chart-bar\" role=\"img\" xmlns=\"http:\/\/www.w3.org\/2000\/svg\" viewBox=\"0 0 512 512\" class=\"svg-inline--fa fa-chart-bar fa-w-16 fa-2x\"><path fill=\"currentColor\" d=\"M396.8 352h22.4c6.4 0 12.8-6.4 12.8-12.8V108.8c0-6.4-6.4-12.8-12.8-12.8h-22.4c-6.4 0-12.8 6.4-12.8 12.8v230.4c0 6.4 6.4 12.8 12.8 12.8zm-192 0h22.4c6.4 0 12.8-6.4 12.8-12.8V140.8c0-6.4-6.4-12.8-12.8-12.8h-22.4c-6.4 0-12.8 6.4-12.8 12.8v198.4c0 6.4 6.4 12.8 12.8 12.8zm96 0h22.4c6.4 0 12.8-6.4 12.8-12.8V204.8c0-6.4-6.4-12.8-12.8-12.8h-22.4c-6.4 0-12.8 6.4-12.8 12.8v134.4c0 6.4 6.4 12.8 12.8 12.8zM496 400H48V80c0-8.84-7.16-16-16-16H16C7.16 64 0 71.16 0 80v336c0 17.67 14.33 32 32 32h464c8.84 0 16-7.16 16-16v-16c0-8.84-7.16-16-16-16zm-387.2-48h22.4c6.4 0 12.8-6.4 12.8-12.8v-70.4c0-6.4-6.4-12.8-12.8-12.8h-22.4c-6.4 0-12.8 6.4-12.8 12.8v70.4c0 6.4 6.4 12.8 12.8 12.8z\" class=\"\"><\/path><\/svg><\/i> <img loading=\"lazy\" decoding=\"async\" width=\"16\" height=\"16\" alt=\"Loading\" src=\"http:\/\/www.stegelokalforum.dk\/wp-content\/plugins\/page-views-count\/ajax-loader-2x.gif\" border=0 \/><\/p>\n<div class=\"pvc_clear\"><\/div>\n","protected":false},"author":1,"featured_media":0,"parent":66,"menu_order":0,"comment_status":"closed","ping_status":"closed","template":"","meta":{"footnotes":""},"_links":{"self":[{"href":"http:\/\/www.stegelokalforum.dk\/index.php\/wp-json\/wp\/v2\/pages\/1178"}],"collection":[{"href":"http:\/\/www.stegelokalforum.dk\/index.php\/wp-json\/wp\/v2\/pages"}],"about":[{"href":"http:\/\/www.stegelokalforum.dk\/index.php\/wp-json\/wp\/v2\/types\/page"}],"author":[{"embeddable":true,"href":"http:\/\/www.stegelokalforum.dk\/index.php\/wp-json\/wp\/v2\/users\/1"}],"replies":[{"embeddable":true,"href":"http:\/\/www.stegelokalforum.dk\/index.php\/wp-json\/wp\/v2\/comments?post=1178"}],"version-history":[{"count":9,"href":"http:\/\/www.stegelokalforum.dk\/index.php\/wp-json\/wp\/v2\/pages\/1178\/revisions"}],"predecessor-version":[{"id":1437,"href":"http:\/\/www.stegelokalforum.dk\/index.php\/wp-json\/wp\/v2\/pages\/1178\/revisions\/1437"}],"up":[{"embeddable":true,"href":"http:\/\/www.stegelokalforum.dk\/index.php\/wp-json\/wp\/v2\/pages\/66"}],"wp:attachment":[{"href":"http:\/\/www.stegelokalforum.dk\/index.php\/wp-json\/wp\/v2\/media?parent=1178"}],"curies":[{"name":"wp","href":"https:\/\/api.w.org\/{rel}","templated":true}]}}